{"id":13201,"date":"2015-12-01T14:13:54","date_gmt":"2015-12-01T13:13:54","guid":{"rendered":"http:\/\/www.dalpasso.it\/es\/?page_id=13201"},"modified":"2015-12-01T14:14:26","modified_gmt":"2015-12-01T13:14:26","slug":"patologia-i-q-es","status":"publish","type":"page","link":"https:\/\/www.dalpasso.it\/es\/informacion\/diccionario\/patologia-i-q-es\/","title":{"rendered":"Patologia I-Q"},"content":{"rendered":"<div class=\"wpb-content-wrapper\">[vc_row][vc_column width=\u00bb1\/1&#8243;][vc_column_text]<\/p>\n<h2><strong><span style=\"color: #000000;\">Dizionario: Patologia<\/span><\/strong><\/h2>\n<p>[\/vc_column_text][\/vc_column][\/vc_row][vc_row el_class=\u00bbglossario\u00bb][vc_column width=\u00bb1\/1&#8243;][vc_tabs][vc_tab title=\u00bbI\u00bb tab_id=\u00bb1438871160720-8-1&#8243;][vc_row_inner][vc_column_inner el_class=\u00bb\u00bb width=\u00bb1\/4&#8243;][vc_column_text]<\/p>\n<p><a href=\"https:\/\/www.dalpasso.it\/wp-content\/uploads\/2015\/07\/Ipopion.jpg\" class=\"thickbox no_icon\"><img loading=\"lazy\" decoding=\"async\" class=\"alignnone size-medium wp-image-6019\" src=\"https:\/\/www.dalpasso.it\/wp-content\/uploads\/2015\/07\/Ipopion-300x200.jpg\" alt=\"Ipopion\" width=\"300\" height=\"200\" srcset=\"https:\/\/www.dalpasso.it\/wp-content\/uploads\/2015\/07\/Ipopion-300x200.jpg 300w, https:\/\/www.dalpasso.it\/wp-content\/uploads\/2015\/07\/Ipopion.jpg 640w\" sizes=\"auto, (max-width: 300px) 100vw, 300px\" \/><\/a><\/p>\n<p>[\/vc_column_text][\/vc_column_inner][vc_column_inner el_class=\u00bb\u00bb width=\u00bb3\/4&#8243;][vc_column_text]<\/p>\n<h3>Ipopion<\/h3>\n<p style=\"text-align: justify;\">Tipica complicanza dell&#8217;ulcera corneale che consiste nell&#8217;accumulo di essudato purulento, visibile anche a occhio nudo, che si forma nella camera anteriore a livello della porzione inferiore del limbus.\u00a0Si presenta come una stria biancastra simile ad una scalfittura.<\/p>\n<p>[\/vc_column_text][\/vc_column_inner][\/vc_row_inner][vc_separator color=\u00bbgrey\u00bb align=\u00bbalign_center\u00bb style=\u00bb\u00bb border_width=\u00bb\u00bb el_width=\u00bb\u00bb][vc_row_inner el_id=\u00bb\u00bb][vc_column_inner el_class=\u00bb\u00bb width=\u00bb1\/4&#8243;][vc_column_text css_animation=\u00bb\u00bb]<\/p>\n<p><a href=\"https:\/\/www.dalpasso.it\/wp-content\/uploads\/2015\/07\/Ipoplasia.jpg\" class=\"thickbox no_icon\"><img loading=\"lazy\" decoding=\"async\" class=\"alignnone size-medium wp-image-6018\" src=\"https:\/\/www.dalpasso.it\/wp-content\/uploads\/2015\/07\/Ipoplasia-300x110.jpg\" alt=\"Ipoplasia\" width=\"300\" height=\"110\" srcset=\"https:\/\/www.dalpasso.it\/wp-content\/uploads\/2015\/07\/Ipoplasia-300x110.jpg 300w, https:\/\/www.dalpasso.it\/wp-content\/uploads\/2015\/07\/Ipoplasia-762x282.jpg 762w, https:\/\/www.dalpasso.it\/wp-content\/uploads\/2015\/07\/Ipoplasia.jpg 768w\" sizes=\"auto, (max-width: 300px) 100vw, 300px\" \/><\/a><\/p>\n<p>[\/vc_column_text][\/vc_column_inner][vc_column_inner el_class=\u00bb\u00bb width=\u00bb3\/4&#8243;][vc_column_text]<\/p>\n<h3>Ipoplasia congenita<\/h3>\n<p style=\"text-align: justify;\">Patologia che si manifesta quando lo sviluppo del nervo ottico e del bulbo si arrestano nelle prime settimane di vita intrauterina.<\/p>\n<p style=\"text-align: justify;\">I termini Ipoplasia e Microftalmo sono spesso sinonimi poich\u00e9 il microftalmo identifica la presenza alla nascita di un occhio con una lunghezza assiale\u00a0inferiore a 17 mm (la misura di riferimento alla nascita) anche se la tendenza \u00e8 quella di definire\u00a0il bulbo microftalmico solo quando \u00e8 di volume inferiore ad un terzo della sua dimensione normale.<\/p>\n<p style=\"text-align: justify;\">L&#8217;ipoplasia oculare \u00e8 una patologia rara poich\u00e9 si presenta in 1,4 casi\u00a0per 15.000 bambini nati vivi.\u00a0Il bulbo ipoplasico \u00e8 quasi sempre parzialmente o totalmente cieco ed \u00e8 spesso associato ad altri disturbi come lo strabismo ed il nistagmo.<\/p>\n<p>[\/vc_column_text][\/vc_column_inner][\/vc_row_inner][vc_separator color=\u00bbgrey\u00bb align=\u00bbalign_center\u00bb][vc_row_inner el_id=\u00bb\u00bb][vc_column_inner el_class=\u00bb\u00bb width=\u00bb1\/4&#8243;][vc_column_text]<\/p>\n<p><a href=\"https:\/\/www.dalpasso.it\/wp-content\/uploads\/2015\/07\/Ipotropia.jpg\" class=\"thickbox no_icon\"><img loading=\"lazy\" decoding=\"async\" class=\"alignnone size-medium wp-image-6140\" src=\"https:\/\/www.dalpasso.it\/wp-content\/uploads\/2015\/07\/Ipotropia-249x300.jpg\" alt=\"Ipotropia\" width=\"249\" height=\"300\" srcset=\"https:\/\/www.dalpasso.it\/wp-content\/uploads\/2015\/07\/Ipotropia-249x300.jpg 249w, https:\/\/www.dalpasso.it\/wp-content\/uploads\/2015\/07\/Ipotropia.jpg 410w\" sizes=\"auto, (max-width: 249px) 100vw, 249px\" \/><\/a><\/p>\n<p>[\/vc_column_text][\/vc_column_inner][vc_column_inner el_class=\u00bb\u00bb width=\u00bb3\/4&#8243;][vc_column_text]<\/p>\n<h3>Ipotropia<\/h3>\n<p style=\"text-align: justify;\">Variet\u00e0 di strabismo in cui il globo oculare \u00e8 deviato verso il basso, si contrappone all&#8217;ipertropia ed \u00e8 causata da un\u2019anormalit\u00e0 nel funzionamento del muscolo oculomotore (a carico del muscolo stesso o riguardante il nervo che lo controlla).<\/p>\n<p>[\/vc_column_text][\/vc_column_inner][\/vc_row_inner][vc_separator color=\u00bbgrey\u00bb align=\u00bbalign_center\u00bb style=\u00bb\u00bb border_width=\u00bb\u00bb el_width=\u00bb\u00bb][vc_row_inner el_id=\u00bb\u00bb][vc_column_inner el_class=\u00bb\u00bb width=\u00bb1\/4&#8243;][vc_column_text]<\/p>\n<p><a href=\"https:\/\/www.dalpasso.it\/wp-content\/uploads\/2015\/07\/Iridociclite.png\" class=\"thickbox no_icon\"><img loading=\"lazy\" decoding=\"async\" class=\"alignnone size-medium wp-image-6022\" src=\"https:\/\/www.dalpasso.it\/wp-content\/uploads\/2015\/07\/Iridociclite-300x194.png\" alt=\"Iridociclite\" width=\"300\" height=\"194\" srcset=\"https:\/\/www.dalpasso.it\/wp-content\/uploads\/2015\/07\/Iridociclite-300x194.png 300w, https:\/\/www.dalpasso.it\/wp-content\/uploads\/2015\/07\/Iridociclite.png 768w\" sizes=\"auto, (max-width: 300px) 100vw, 300px\" \/><\/a><\/p>\n<p>[\/vc_column_text][\/vc_column_inner][vc_column_inner el_class=\u00bb\u00bb width=\u00bb3\/4&#8243;][vc_column_text]<\/p>\n<h3>Iridociclite<\/h3>\n<p style=\"text-align: justify;\">Patologia infiammatoria che colpisce sia l&#8217;iride che il corpo ciliare,\u00a0causata nella maggior parte dei casi da una eccessiva risposta immunitaria ad altre patologie o da una reazione allergica.\u00a0A volte \u00e8 in associazione a gotta, artrite reumatoide, sarcoidosi, brucellosi ed altre infezioni.<\/p>\n<p style=\"text-align: justify;\">L&#8217;iridociclite provoca forte dolore all&#8217;occhio oltre a fotofobia, iperemia ed epifora.\u00a0Nella forma acuta possono formarsi essudati ed aderenze tra iride e cristallino mentre in quella cronica i sintomi sono simili ma di minore entit\u00e0, anche se con tendenza alla riacutizzazione.<\/p>\n<p>[\/vc_column_text][\/vc_column_inner][\/vc_row_inner][\/vc_tab][vc_tab title=\u00bbJ-K\u00bb tab_id=\u00bb1438871173998-9-5&#8243;][vc_row_inner][vc_column_inner el_class=\u00bb\u00bb width=\u00bb1\/4&#8243;][vc_column_text]<br \/>\n[\/vc_column_text][\/vc_column_inner][vc_column_inner el_class=\u00bb\u00bb width=\u00bb3\/4&#8243;][vc_column_text]<br \/>\n[\/vc_column_text][\/vc_column_inner][\/vc_row_inner][\/vc_tab][vc_tab title=\u00bbL\u00bb tab_id=\u00bb1438871189176-10-6&#8243;][vc_row_inner][vc_column_inner el_class=\u00bb\u00bb width=\u00bb1\/4&#8243;][vc_column_text]<\/p>\n<p><a href=\"https:\/\/www.dalpasso.it\/wp-content\/uploads\/2015\/07\/lagoftalmo.jpg\" class=\"thickbox no_icon\"><img loading=\"lazy\" decoding=\"async\" class=\"alignnone size-medium wp-image-6139\" src=\"https:\/\/www.dalpasso.it\/wp-content\/uploads\/2015\/07\/lagoftalmo-300x158.jpg\" alt=\"lagoftalmo\" width=\"300\" height=\"158\" srcset=\"https:\/\/www.dalpasso.it\/wp-content\/uploads\/2015\/07\/lagoftalmo-300x158.jpg 300w, https:\/\/www.dalpasso.it\/wp-content\/uploads\/2015\/07\/lagoftalmo.jpg 490w\" sizes=\"auto, (max-width: 300px) 100vw, 300px\" \/><\/a><\/p>\n<p>[\/vc_column_text][\/vc_column_inner][vc_column_inner el_class=\u00bb\u00bb width=\u00bb3\/4&#8243;][vc_column_text]<\/p>\n<h3>Lagoftalmo<\/h3>\n<p style=\"text-align: justify;\">Patologia che consiste nella chiusura incompleta della rima palpebrale per cui il globo oculare rimane parzialmente scoperto. Pu\u00f2 essere congenito per una malformazione palpebrale oppure acquisito, a causa della lesione del nervo facciale.\u00a0L\u2019incompleta chiusura delle palpebre espone la cornea e la congiuntiva alla <strong>disidratazione<\/strong> con facile insorgenza di <strong>lesioni<\/strong> <strong>epiteliali<\/strong> ed\u00a0<strong>ulcere<\/strong> <strong>corneali<\/strong> che possono complicarsi in\u00a0processi infettivi.<\/p>\n<p>[\/vc_column_text][\/vc_column_inner][\/vc_row_inner][vc_separator color=\u00bbgrey\u00bb align=\u00bbalign_center\u00bb][vc_row_inner el_id=\u00bb\u00bb][vc_column_inner el_class=\u00bb\u00bb width=\u00bb1\/4&#8243;][vc_column_text css_animation=\u00bb\u00bb]<\/p>\n<p><a href=\"https:\/\/www.dalpasso.it\/wp-content\/uploads\/2015\/07\/Leucocoria.jpg\" class=\"thickbox no_icon\"><img loading=\"lazy\" decoding=\"async\" class=\"alignnone size-medium wp-image-6025\" src=\"https:\/\/www.dalpasso.it\/wp-content\/uploads\/2015\/07\/Leucocoria-300x127.jpg\" alt=\"Leucocoria\" width=\"300\" height=\"127\" srcset=\"https:\/\/www.dalpasso.it\/wp-content\/uploads\/2015\/07\/Leucocoria-300x127.jpg 300w, https:\/\/www.dalpasso.it\/wp-content\/uploads\/2015\/07\/Leucocoria.jpg 471w\" sizes=\"auto, (max-width: 300px) 100vw, 300px\" \/><\/a><\/p>\n<p>[\/vc_column_text][\/vc_column_inner][vc_column_inner el_class=\u00bb\u00bb width=\u00bb3\/4&#8243;][vc_column_text]<\/p>\n<h3 style=\"text-align: justify;\">Leucocoria<\/h3>\n<p style=\"text-align: justify;\">La leucocoria \u00e8 un <strong>riflesso bianco<\/strong> visibile a occhio nudo attraverso la pupilla, pi\u00f9 o meno esteso ed intenso ed \u00e8\u00a0il sintomo di una patologia a carico del cristallino, del corpo vitreo o della retina.\u00a0Le patologie che possono essere\u00a0associate alla leucocoria sono:<\/p>\n<p>&nbsp;<\/p>\n<ul>\n<li>Cataratta<\/li>\n<li>Displasia retinica<\/li>\n<li>Distacco di retina<\/li>\n<li>Retinoblastoma<\/li>\n<li>Retinopatia del pretermine (R.O.P.)<\/li>\n<li>Ulcera corneale<\/li>\n<li>Vitreo iperplasico primitivo<\/li>\n<\/ul>\n<p>&nbsp;<\/p>\n<p>In alcuni rari casi (1%) la leucocoria \u00e8 causata dal morbo di Coats (fuoriuscita di vasi retinici).[\/vc_column_text][\/vc_column_inner][\/vc_row_inner][vc_separator color=\u00bbgrey\u00bb align=\u00bbalign_center\u00bb style=\u00bb\u00bb border_width=\u00bb\u00bb el_width=\u00bb\u00bb][vc_row_inner el_id=\u00bb\u00bb][vc_column_inner el_class=\u00bb\u00bb width=\u00bb1\/4&#8243;][vc_column_text]<\/p>\n<p><a href=\"https:\/\/www.dalpasso.it\/wp-content\/uploads\/2015\/07\/leucoma-corneal.jpg\" class=\"thickbox no_icon\"><img loading=\"lazy\" decoding=\"async\" class=\"alignnone size-medium wp-image-6026\" src=\"https:\/\/www.dalpasso.it\/wp-content\/uploads\/2015\/07\/leucoma-corneal-300x199.jpg\" alt=\"leucoma-corneal\" width=\"300\" height=\"199\" srcset=\"https:\/\/www.dalpasso.it\/wp-content\/uploads\/2015\/07\/leucoma-corneal-300x199.jpg 300w, https:\/\/www.dalpasso.it\/wp-content\/uploads\/2015\/07\/leucoma-corneal.jpg 473w\" sizes=\"auto, (max-width: 300px) 100vw, 300px\" \/><\/a><\/p>\n<p>[\/vc_column_text][\/vc_column_inner][vc_column_inner el_class=\u00bb\u00bb width=\u00bb3\/4&#8243;][vc_column_text]<\/p>\n<h3>Leucoma corneale<\/h3>\n<p style=\"text-align: justify;\">Patologia che consiste nella <strong>opacizzazione<\/strong> e perdita della trasparenza corneale dovuta ad\u00a0un processo di cicatrizzazione in seguito ad un&#8217;<strong>abrasione corneale profonda<\/strong> (causata da un trauma, da una cheratite o da una patologia infettiva) ed \u00e8\u00a0caratterizzato dalla formazione di cicatrici consistenti in tessuto connettivo biancastro.<\/p>\n<p>&nbsp;<\/p>\n<p>Mentre per i piccoli leucomi periferici quasi sempre non \u00e8 necessaria alcuna terapia, per quelli che interferiscono con la visione occorre intervenire riducendo la lesione chirurgicamente, con interventi tanto pi\u00f9 invasivi quanto \u00e8 maggiore la profondit\u00e0 della lesione stessa.[\/vc_column_text][\/vc_column_inner][\/vc_row_inner][\/vc_tab][vc_tab title=\u00bbM\u00bb tab_id=\u00bb1438871196280-11-4&#8243;][vc_row_inner el_id=\u00bb\u00bb][vc_column_inner el_class=\u00bb\u00bb width=\u00bb1\/4&#8243;][vc_column_text css_animation=\u00bb\u00bb]<\/p>\n<p><a href=\"https:\/\/www.dalpasso.it\/wp-content\/uploads\/2015\/07\/Megalocornea.jpg\" class=\"thickbox no_icon\"><img loading=\"lazy\" decoding=\"async\" class=\"alignnone size-medium wp-image-6059\" src=\"https:\/\/www.dalpasso.it\/wp-content\/uploads\/2015\/07\/Megalocornea-300x99.jpg\" alt=\"Megalocornea\" width=\"300\" height=\"99\" srcset=\"https:\/\/www.dalpasso.it\/wp-content\/uploads\/2015\/07\/Megalocornea-300x99.jpg 300w, https:\/\/www.dalpasso.it\/wp-content\/uploads\/2015\/07\/Megalocornea.jpg 800w\" sizes=\"auto, (max-width: 300px) 100vw, 300px\" \/><\/a><\/p>\n<p>[\/vc_column_text][\/vc_column_inner][vc_column_inner el_class=\u00bb\u00bb width=\u00bb3\/4&#8243;][vc_column_text]<\/p>\n<h3>Megalocornea<\/h3>\n<p style=\"text-align: justify;\">Patologia congenita che consiste\u00a0nell&#8217;aumento delle dimensioni della cornea che oltrepassano i <strong>12 mm. di diametro<\/strong> (anzich\u00e9 i normali 10-11 mm.) e che pu\u00f2 essere a sua volta sintomo di <strong>glaucoma congenito<\/strong>.<\/p>\n<p style=\"text-align: justify;\">La membrana del Descemet, base su cui poggiano le cellule dell\u2019endotelio corneale, viene spesso lacerata dalla pressione endoculare\u00a0per cui diventano visibili strie multiple (<strong>strie di Haab<\/strong>) orientate in senso orizzontale o curvilineo, concentriche al limbus corneale.\u00a0L\u2019ipertono oculare induce una miopia di tipo assile e il glaucoma congenito viene denominato in questo caso anche <strong>buftalmo<\/strong>, termine che indica la coesistenza di miopia assile e di megalocornea, cio\u00e8 un incremento complessivo di tutti i diametri oculari.<\/p>\n<p style=\"text-align: justify;\">I neonati con megalocornea a rischio glaucomatoso (rivelano irritabilit\u00e0 e fotofobia) devono essere sottoposti ad esami diagnostici per l\u2019accertamento dell&#8217;eventuale danno alla testa del nervo ottico (<strong>escavazione papillare<\/strong>) ed\u00a0alla membrana di Descemet.<\/p>\n<p>[\/vc_column_text][\/vc_column_inner][\/vc_row_inner][vc_separator color=\u00bbgrey\u00bb align=\u00bbalign_center\u00bb style=\u00bb\u00bb border_width=\u00bb\u00bb el_width=\u00bb\u00bb][vc_row_inner el_id=\u00bb\u00bb][vc_column_inner el_class=\u00bb\u00bb width=\u00bb1\/4&#8243;][vc_column_text]<\/p>\n<p><a href=\"https:\/\/www.dalpasso.it\/wp-content\/uploads\/2015\/07\/Melanoma_oculare-fondo_retinico-web.jpg\" class=\"thickbox no_icon\"><img loading=\"lazy\" decoding=\"async\" class=\"alignnone size-medium wp-image-6054\" src=\"https:\/\/www.dalpasso.it\/wp-content\/uploads\/2015\/07\/Melanoma_oculare-fondo_retinico-web-300x240.jpg\" alt=\"Melanoma_oculare-fondo_retinico-web\" width=\"300\" height=\"240\" \/><\/a><\/p>\n<p>[\/vc_column_text][\/vc_column_inner][vc_column_inner el_class=\u00bb\u00bb width=\u00bb3\/4&#8243;][vc_column_text]<\/p>\n<h3>Melanoma della coroide<\/h3>\n<p style=\"text-align: justify;\">Tumore maligno endoculare primitivo della coroide, pi\u00f9 frequente nell\u2019adulto, con un\u2019incidenza pari a 6 casi su un milione,\u00a0 la cui localizzazione \u00e8 variabile e pu\u00f2 interessare il polo posteriore, la zona papillare, la media ed estrema periferia.<\/p>\n<p>[\/vc_column_text][vc_column_text]<\/p>\n<p style=\"text-align: justify;\">L\u2019origine della neoplasia \u00e8 dovuta a molti fattori e sebbene non siano ancora ben conosciuti i fattori di rischio, \u00e8 evidente una predisposizione della razza caucasica e un\u2019et\u00e0 compresa tra i 50 e i 60 anni.\u00a0Quasi sempre asintomatico, il melanoma insorge nella maggioranza dei casi <i>ex novo<\/i>, mentre in una ridotta percentuale di casi si sviluppa a partire da un neo.<\/p>\n<p style=\"text-align: justify;\">I sintomi sono relativi alla posizione ed al volume del tumore: se al polo posteriore si avr\u00e0 un rapido calo del visus mentre se in periferia pu\u00f2 essere del tutto asintomatico fino a quando non insorgono complicanze (es. distacco di retina).<\/p>\n<p>[\/vc_column_text][vc_column_text]<\/p>\n<p style=\"text-align: justify;\">I piccoli melanomi pigmentati possono essere trattati con la <strong>termoterapia transpupillare<\/strong>,\u00a0metodica di recente introduzione che\u00a0attraverso un laser a diodi\u00a0determina un aumento di temperatura dentro il tumore, provocandone la necrosi.<br \/>\nQuesta tecnica pu\u00f2 essere impiegata anche per melanomi di maggiori dimensioni se associata\u00a0 alla <strong>radioterapia<\/strong> con placche episclerali (<strong>terapia\u00a0sandwich<\/strong>). La radioterapia con placche radioattive (<strong>brachiterapia<\/strong>), invece, rappresenta attualmente\u00a0il trattamento radiante pi\u00f9 utilizzato.<\/p>\n<p style=\"text-align: justify;\">Il melanoma della coroide per\u00f2, anche se la terapia conservativa pu\u00f2 dare risultati soddisfacenti, rimane una delle pi\u00f9 frequenti cause di enucleazione del bulbo oculare.<\/p>\n<p>[\/vc_column_text][vc_column_text]<\/p>\n<p style=\"text-align: justify;\">Questa patologia \u00e8 inoltre caratterizzata, in molti casi, dallo sviluppo di <strong>metastasi a distanza<\/strong>: le sedi preferenziali sono il fegato (92% dei casi), il polmone (31%), lo scheletro (23%), la cute (17%) ed il sistema nervoso centrale (4%).\u00a0Il tempo di comparsa delle lesioni secondarie \u00e8 estremamente variabile (da 2 mesi a 30 anni) e spesso la loro comparsa d\u00e0 una diagnosi infausta.<\/p>\n<p>[\/vc_column_text][\/vc_column_inner][\/vc_row_inner][vc_separator color=\u00bbgrey\u00bb align=\u00bbalign_center\u00bb style=\u00bb\u00bb border_width=\u00bb\u00bb el_width=\u00bb\u00bb][vc_row_inner el_id=\u00bb\u00bb][vc_column_inner el_class=\u00bb\u00bb width=\u00bb1\/4&#8243;][vc_column_text]<\/p>\n<p><a href=\"https:\/\/www.dalpasso.it\/wp-content\/uploads\/2015\/07\/Melting-corneale.jpg\" class=\"thickbox no_icon\"><img loading=\"lazy\" decoding=\"async\" class=\"alignnone size-medium wp-image-6060\" src=\"https:\/\/www.dalpasso.it\/wp-content\/uploads\/2015\/07\/Melting-corneale-300x200.jpg\" alt=\"Melting corneale\" width=\"300\" height=\"200\" srcset=\"https:\/\/www.dalpasso.it\/wp-content\/uploads\/2015\/07\/Melting-corneale-300x200.jpg 300w, https:\/\/www.dalpasso.it\/wp-content\/uploads\/2015\/07\/Melting-corneale.jpg 640w\" sizes=\"auto, (max-width: 300px) 100vw, 300px\" \/><\/a><\/p>\n<p>[\/vc_column_text][\/vc_column_inner][vc_column_inner el_class=\u00bb\u00bb width=\u00bb3\/4&#8243;][vc_column_text]<\/p>\n<h3>Melting corneale<\/h3>\n<p style=\"text-align: justify;\">Patologia della cornea (assottigliamento e nelle forme pi\u00f9 gravi fusione e liquefazione corneale) che rappresenta una complicanza abbastanza grave nella chirurgia refrattiva, tale da richiedere in alcuni casi il trapianto di cornea.\u00a0Il melting pu\u00f2 essere anche una complicanza dell&#8217;abuso di FANS che a lungo andare provoca un assottigliamento dello spessore corneale.<\/p>\n<p>[\/vc_column_text][\/vc_column_inner][\/vc_row_inner][vc_separator color=\u00bbgrey\u00bb align=\u00bbalign_center\u00bb style=\u00bb\u00bb border_width=\u00bb\u00bb el_width=\u00bb\u00bb][vc_row_inner el_id=\u00bb\u00bb][vc_column_inner el_class=\u00bb\u00bb width=\u00bb1\/4&#8243;][vc_column_text]<\/p>\n<p><a href=\"https:\/\/www.dalpasso.it\/wp-content\/uploads\/2015\/07\/Microftalmo.jpg\" class=\"thickbox no_icon\"><img loading=\"lazy\" decoding=\"async\" class=\"alignnone size-medium wp-image-6061\" src=\"https:\/\/www.dalpasso.it\/wp-content\/uploads\/2015\/07\/Microftalmo-300x115.jpg\" alt=\"Microftalmo\" width=\"300\" height=\"115\" srcset=\"https:\/\/www.dalpasso.it\/wp-content\/uploads\/2015\/07\/Microftalmo-300x115.jpg 300w, https:\/\/www.dalpasso.it\/wp-content\/uploads\/2015\/07\/Microftalmo.jpg 536w\" sizes=\"auto, (max-width: 300px) 100vw, 300px\" \/><\/a><\/p>\n<p>[\/vc_column_text][\/vc_column_inner][vc_column_inner el_class=\u00bb\u00bb width=\u00bb3\/4&#8243;][vc_column_text]<\/p>\n<h3>Microftalmo congenito<\/h3>\n<p style=\"text-align: justify;\">Malformazione oculare congenita caratterizzata dallo sviluppo incompleto del bulbo oculare.\u00a0La natura del microftalmo \u00e8 legata ad un arresto della crescita del contenuto orbitario che si verifica tra la 5a e la 6 a settimana di vita intrauterina e pu\u00f2 insorgere sporadicamente oppure presentare un\u2019ereditariet\u00e0 dominante ad espressione variabile o recessiva.<\/p>\n<p>&nbsp;<\/p>\n<p>Da un punto di vista clinico possiamo classificare il microftalmo in:[\/vc_column_text][vc_column_text]<\/p>\n<ul>\n<li style=\"text-align: justify;\"><strong>Microftalmo semplice<\/strong>: Il bulbo ha dimensioni Microftalmo posteriore ed il Nanoftalmo che si distinguono rispettivamente per la presenza di un diametro corneale normale o di dimensioni ridotte (&lt; di 10 mm) associato al riscontro di una ipermetropia elevata (10 diottrie circa).<\/li>\n<li style=\"text-align: justify;\"><strong>Microftalmo complesso<\/strong>: oltre alla riduzione del volume del bulbo presenta altre anomalie oculari (opacit\u00e0 corneali, cataratta, persistenza del vitreo primitivo, coloboma uveale, etc.) e sistemiche (cardiache, renali, cerebrali). Il microrbitismo \u00e8 apprezzabile.<\/li>\n<li style=\"text-align: justify;\"><strong>Microftalmo estremo<\/strong>: consiste in un abbozzo del bulbo oculare (residui di bulbo) associato a riduzione del volume palpebrale. \u00c8 presente un microrbitismo marcato e in alcuni casi pu\u00f2 essere associato ad altre anomalie o sindromi sistemiche.<\/li>\n<li style=\"text-align: justify;\"><strong>Nanoftalmo<\/strong>: microftalmo estremo in assenza di patologie o sindromi correlate o concomitanti.<\/li>\n<\/ul>\n<p>[\/vc_column_text][\/vc_column_inner][\/vc_row_inner][vc_separator color=\u00bbgrey\u00bb align=\u00bbalign_center\u00bb style=\u00bb\u00bb border_width=\u00bb\u00bb el_width=\u00bb\u00bb][vc_row_inner el_id=\u00bb\u00bb][vc_column_inner el_class=\u00bb\u00bb width=\u00bb1\/4&#8243;][vc_column_text]<\/p>\n<p><a href=\"https:\/\/www.dalpasso.it\/wp-content\/uploads\/2015\/07\/Microrbitismo1.jpg\" class=\"thickbox no_icon\"><img loading=\"lazy\" decoding=\"async\" class=\"alignnone size-medium wp-image-6076\" src=\"https:\/\/www.dalpasso.it\/wp-content\/uploads\/2015\/07\/Microrbitismo1-300x143.jpg\" alt=\"Microrbitismo1\" width=\"300\" height=\"143\" srcset=\"https:\/\/www.dalpasso.it\/wp-content\/uploads\/2015\/07\/Microrbitismo1-300x143.jpg 300w, https:\/\/www.dalpasso.it\/wp-content\/uploads\/2015\/07\/Microrbitismo1.jpg 1014w\" sizes=\"auto, (max-width: 300px) 100vw, 300px\" \/><\/a><\/p>\n<p>[\/vc_column_text][vc_column_text]<\/p>\n<p><a href=\"https:\/\/www.dalpasso.it\/wp-content\/uploads\/2015\/07\/Microrbitismo2.jpg\" class=\"thickbox no_icon\"><img loading=\"lazy\" decoding=\"async\" class=\"alignnone size-medium wp-image-6075\" src=\"https:\/\/www.dalpasso.it\/wp-content\/uploads\/2015\/07\/Microrbitismo2-300x115.jpg\" alt=\"Microrbitismo2\" width=\"300\" height=\"115\" srcset=\"https:\/\/www.dalpasso.it\/wp-content\/uploads\/2015\/07\/Microrbitismo2-300x115.jpg 300w, https:\/\/www.dalpasso.it\/wp-content\/uploads\/2015\/07\/Microrbitismo2-1024x394.jpg 1024w, https:\/\/www.dalpasso.it\/wp-content\/uploads\/2015\/07\/Microrbitismo2.jpg 1152w\" sizes=\"auto, (max-width: 300px) 100vw, 300px\" \/><\/a><\/p>\n<p>[\/vc_column_text][\/vc_column_inner][vc_column_inner el_class=\u00bb\u00bb width=\u00bb3\/4&#8243;][vc_column_text]<\/p>\n<h3>Microrbitismo<\/h3>\n<p style=\"text-align: justify;\"><strong>Microrbitismo<\/strong> (orbita piccola),\u00a0<strong>microblefarismo<\/strong> (ipoplasia palpebrale) e <strong>ipoplasia emifacciale<\/strong> sono le condizioni tipiche che residuano dall&#8217;anoftalmia o microftalmia congenita.<\/p>\n<p style=\"text-align: justify;\"><b><\/b>L\u2019orbita di un bambino cresce per il 70% durante i primi tre anni di vita, mentre il restante 30 % si sviluppa nei successivi 5-6 anni. Nei casi pi\u00f9 gravi di microftalmia o anoftalmia \u00e8 necessario perci\u00f2 instaurare un programma di riabilitazione orbitaria protesica in modo da evitare l&#8217;aggravarsi di questo quadro.<\/p>\n<p style=\"text-align: justify;\">L\u2019intervento precoce stimoler\u00e0 l\u2019accrescimento sia della struttura ossea che dei tessuti molli, palpebre e congiuntiva che sono maggiormente estensibili nelle prime fasi della vita, in armonia con la regione controlaterale, consentendo un risultato estetico pi\u00f9 accettabile.<\/p>\n<p>[\/vc_column_text][\/vc_column_inner][\/vc_row_inner][vc_separator color=\u00bbgrey\u00bb align=\u00bbalign_center\u00bb][vc_row_inner el_id=\u00bb\u00bb][vc_column_inner el_class=\u00bb\u00bb width=\u00bb1\/4&#8243;][vc_column_text]<\/p>\n<p><a href=\"https:\/\/www.dalpasso.it\/wp-content\/uploads\/2015\/07\/miodesopsie.jpg\" class=\"thickbox no_icon\"><img loading=\"lazy\" decoding=\"async\" class=\"alignnone size-medium wp-image-6188\" src=\"https:\/\/www.dalpasso.it\/wp-content\/uploads\/2015\/07\/miodesopsie-300x145.jpg\" alt=\"miodesopsie\" width=\"300\" height=\"145\" srcset=\"https:\/\/www.dalpasso.it\/wp-content\/uploads\/2015\/07\/miodesopsie-300x145.jpg 300w, https:\/\/www.dalpasso.it\/wp-content\/uploads\/2015\/07\/miodesopsie.jpg 530w\" sizes=\"auto, (max-width: 300px) 100vw, 300px\" \/><\/a><\/p>\n<p>[\/vc_column_text][vc_column_text]<br \/>\n[\/vc_column_text][\/vc_column_inner][vc_column_inner el_class=\u00bb\u00bb width=\u00bb3\/4&#8243;][vc_column_text]<\/p>\n<h3>Miodesopsie<\/h3>\n<div style=\"text-align: justify;\">Sono dei corpi mobili filiformi o puntiformi\u00a0che compaiono nel corpo vitreo all&#8217;interno del campo visivo\u00a0quando si fissa una superficie o uno sfondo chiaro e luminoso, generando il cosiddetto fenomeno delle \u00ab<strong>mosche volanti<\/strong>\u00ab.\u00a0\u00a0Possono manifestarsi a qualunque et\u00e0 insorgono in maggiore quantit\u00e0 tra i 20 e i 30 anni oppure tra i 50-60 anni.<\/div>\n<div style=\"text-align: justify;\"><\/div>\n<p style=\"text-align: justify;\">Sono causate da fenomeni degenerativi del corpo vitreo che\u00a0perde la propria trasparenza\u00a0 per una riduzione della componente acquosa soprattutto in seguito al normale processo fisiologico legato all&#8217;invecchiamento ma pu\u00f2 essere causato anche dalla miopia.<\/p>\n<p>[\/vc_column_text][\/vc_column_inner][\/vc_row_inner][vc_separator color=\u00bbgrey\u00bb align=\u00bbalign_center\u00bb style=\u00bb\u00bb border_width=\u00bb\u00bb el_width=\u00bb\u00bb][vc_row_inner el_id=\u00bb\u00bb][vc_column_inner el_class=\u00bb\u00bb width=\u00bb1\/4&#8243;][vc_column_text]<\/p>\n<p><a href=\"https:\/\/www.dalpasso.it\/wp-content\/uploads\/2015\/07\/Morbo-Basedow.jpg\" class=\"thickbox no_icon\"><img loading=\"lazy\" decoding=\"async\" class=\"alignnone size-medium wp-image-6062\" src=\"https:\/\/www.dalpasso.it\/wp-content\/uploads\/2015\/07\/Morbo-Basedow-300x174.jpg\" alt=\"Morbo Basedow\" width=\"300\" height=\"174\" srcset=\"https:\/\/www.dalpasso.it\/wp-content\/uploads\/2015\/07\/Morbo-Basedow-300x174.jpg 300w, https:\/\/www.dalpasso.it\/wp-content\/uploads\/2015\/07\/Morbo-Basedow.jpg 622w\" sizes=\"auto, (max-width: 300px) 100vw, 300px\" \/><\/a><\/p>\n<p>[\/vc_column_text][\/vc_column_inner][vc_column_inner el_class=\u00bb\u00bb width=\u00bb3\/4&#8243;][vc_column_text]<\/p>\n<h3 style=\"text-align: justify;\">Morbo di Basedow (oftalmopatia tiroidea)<\/h3>\n<p style=\"text-align: justify;\">Patologia autoimmune che insorge a qualsiasi et\u00e0, anche se colpisce soprattutto donne fra i venti e i sessant\u2019anni.\u00a0Le alterazioni del sistema immunitario sembrano avere un ruolo rilevante nella sua patogenesi.<\/p>\n<p style=\"text-align: justify;\">Nella malattia di Basedow l&#8217;organismo produce autoanticorpi che attaccano la ghiandola tiroide, la cute degli arti inferiori e gli occhi.\u00a0I pazienti affetti dal morbo possono presentare, oltre ai sintomi sistemici caratteristici dell&#8217;ipertiroidismo, anche alterazioni cutanee e soprattutto alterazioni oculari.<\/p>\n<p>[\/vc_column_text][vc_column_text]<\/p>\n<p style=\"text-align: justify;\">I sintomi pi\u00f9 evidenti sono: gozzo pronunciato, esoftalmo con sguardo fisso, scarso ammiccamento, retrazione palpebrale, chemosi e rossore congiuntivale che producono dolore, lacrimazione abbondante, irritazione delle mucose e spesso anche fotofobia.<\/p>\n<p style=\"text-align: justify;\">Il bulbo oculare tende a <strong>protrudere<\/strong> all&#8217;esterno dell&#8217;orbita a causa dell&#8217;accumulo di liquido e di grasso nella zona retrobulbare.\u00a0Gli autoanticorpi infatti, infiltrano i tessuti dei muscoli estrinseci ed il grasso orbitario, causando deficit di mobilit\u00e0 e retrazione palpebrale che possono degenerare in una cheratite da esposizione.<\/p>\n<p>[\/vc_column_text][\/vc_column_inner][\/vc_row_inner][vc_separator color=\u00bbgrey\u00bb align=\u00bbalign_center\u00bb style=\u00bb\u00bb border_width=\u00bb\u00bb el_width=\u00bb\u00bb][vc_row_inner el_id=\u00bb\u00bb][vc_column_inner el_class=\u00bb\u00bb width=\u00bb1\/4&#8243;][vc_column_text]<\/p>\n<p><a href=\"https:\/\/www.dalpasso.it\/wp-content\/uploads\/2015\/07\/Mucocele.jpg\" class=\"thickbox no_icon\"><img loading=\"lazy\" decoding=\"async\" class=\"alignnone wp-image-9970 size-medium\" src=\"https:\/\/www.dalpasso.it\/wp-content\/uploads\/2015\/07\/Mucocele-300x200.jpg\" alt=\"Mucocele\" width=\"300\" height=\"200\" srcset=\"https:\/\/www.dalpasso.it\/wp-content\/uploads\/2015\/07\/Mucocele-300x200.jpg 300w, https:\/\/www.dalpasso.it\/wp-content\/uploads\/2015\/07\/Mucocele.jpg 669w\" sizes=\"auto, (max-width: 300px) 100vw, 300px\" \/><\/a><\/p>\n<p>[\/vc_column_text][\/vc_column_inner][vc_column_inner el_class=\u00bb\u00bb width=\u00bb3\/4&#8243;][vc_column_text]<\/p>\n<h3>Mucocele (Dacriocistocele)<\/h3>\n<p style=\"text-align: justify;\">Formazione cistica proveniente dai seni paranasali ed \u00e8 secondaria ad accumulo di muco causato dalla ostruzione delle aperture di queste cavit\u00e0 che in pratica sequestrano il materiale mucoso (<strong>cisti da ritenzione<\/strong>). La\u00a0massa cistica ripiena di muco prodotto all&#8217;interno della lesione \u00e8 delimitata da uno strato osseo. Frequentemente si espande nell&#8217;orbita per erosione della parete ossea.\u00a0L&#8217;occlusione pu\u00f2 essere dovuta ad un processo infiammatorio, pu\u00f2 avere origine post-traumatica o essere causata da anomalie anatomiche o tumori.\u00a0L&#8217;incidenza \u00e8 maggiore negli adulti fra i 50 e i 70 anni ed \u00e8 localizzata nella\u00a0maggior parte dei casi nel seno frontale e nel seno etmoidale mentre i seni mascellari e i seni sfenoidali sono interessati raramente.<\/p>\n<p>[\/vc_column_text][vc_column_text]<\/p>\n<p style=\"text-align: justify;\">I sintomi pi\u00f9 frequenti sono <strong>l&#8217;esoftalmo<\/strong>, la <strong>protrusione<\/strong> o <strong>dislocazione<\/strong> del bulbo, sensazione di dolore orbitale, diplopia e in qualche caso danni al nervo ottico. Il mucocele normalmente ha una crescita lenta e pu\u00f2 svilupparsi dopo molti anni anche senza presentare sintomi. In alcuni casi\u00a0pu\u00f2 interessare anche le vie lacrimali e presentarsi come una tumefazione dell&#8217;area del sacco lacrimale e della radice del naso.<\/p>\n<p>[\/vc_column_text][\/vc_column_inner][\/vc_row_inner][\/vc_tab][vc_tab title=\u00bbN\u00bb tab_id=\u00bb1438871203351-12-5&#8243;][vc_row_inner][vc_column_inner el_class=\u00bb\u00bb width=\u00bb1\/4&#8243;][vc_column_text]<\/p>\n<p><a href=\"https:\/\/www.dalpasso.it\/wp-content\/uploads\/2015\/07\/Nanoftalmo.jpg\" class=\"thickbox no_icon\"><img loading=\"lazy\" decoding=\"async\" class=\"alignnone size-medium wp-image-6092\" src=\"https:\/\/www.dalpasso.it\/wp-content\/uploads\/2015\/07\/Nanoftalmo-300x142.jpg\" alt=\"Nanoftalmo\" width=\"300\" height=\"142\" srcset=\"https:\/\/www.dalpasso.it\/wp-content\/uploads\/2015\/07\/Nanoftalmo-300x142.jpg 300w, https:\/\/www.dalpasso.it\/wp-content\/uploads\/2015\/07\/Nanoftalmo.jpg 619w\" sizes=\"auto, (max-width: 300px) 100vw, 300px\" \/><\/a><\/p>\n<p>[\/vc_column_text][\/vc_column_inner][vc_column_inner el_class=\u00bb\u00bb width=\u00bb3\/4&#8243;][vc_column_text]<\/p>\n<h3>Nanoftalmo<\/h3>\n<p style=\"text-align: justify;\">E&#8217; cos\u00ec definito il microftalmo congenito\u00a0\u00a0quando non esistono altre patologie o sindromi correlate e concomitanti. In genere \u00e8 presente glaucoma ad angolo chiuso. Il nanoftalmo \u00e8 geneticamente eterogeneo: ne esistono due forme autosomiche dominanti (NNO1 e NNO3) e una forma autosomica recessiva (NNO2), causata da mutazioni nel gene MFRP.<\/p>\n<p>[\/vc_column_text][\/vc_column_inner][\/vc_row_inner][vc_separator color=\u00bbgrey\u00bb align=\u00bbalign_center\u00bb][vc_row_inner el_id=\u00bb\u00bb][vc_column_inner el_class=\u00bb\u00bb width=\u00bb1\/4&#8243;][vc_column_text]<\/p>\n<p><a href=\"https:\/\/www.dalpasso.it\/wp-content\/uploads\/2015\/07\/Neovasi.jpg\" class=\"thickbox no_icon\"><img loading=\"lazy\" decoding=\"async\" class=\"alignnone size-medium wp-image-6093\" src=\"https:\/\/www.dalpasso.it\/wp-content\/uploads\/2015\/07\/Neovasi-215x300.jpg\" alt=\"Neovasi\" width=\"215\" height=\"300\" srcset=\"https:\/\/www.dalpasso.it\/wp-content\/uploads\/2015\/07\/Neovasi-215x300.jpg 215w, https:\/\/www.dalpasso.it\/wp-content\/uploads\/2015\/07\/Neovasi.jpg 294w\" sizes=\"auto, (max-width: 215px) 100vw, 215px\" \/><\/a><\/p>\n<p>[\/vc_column_text][\/vc_column_inner][vc_column_inner el_class=\u00bb\u00bb width=\u00bb3\/4&#8243;][vc_column_text]<\/p>\n<h3>Neovasi (angiogenesi)<\/h3>\n<p style=\"text-align: justify;\">Molte patologie\u00a0oculari hanno patogenesi neovascolare, derivano cio\u00e8 dalla crescita anomala di capillari all&#8217;interno dell\u2019occhio e spesso rappresentano una importante causa di cecit\u00e0 o ipovisione. Lo sviluppo di neovasi patologici nella maggior parte dei casi \u00e8 dovuto all&#8217;ipossia ed alla scarsa perfusione retinica.<\/p>\n<p style=\"text-align: justify;\">Nella forma \u201cumida\u201d della\u00a0<strong>degenerazione maculare senile <\/strong>(AMD), i neovasi si sviluppano dietro la retina, causando il sollevamento della macula dalla sua posizione normale e determinando visione confusa e distorta. Il danno maculare si sviluppa rapidamente e in mancanza di terapia porta rapidamente alla perdita della visione.<\/p>\n<p>[\/vc_column_text][vc_column_text]La crescita anomala di neovasi all&#8217;interno dell\u2019occhio \u00e8 riscontrabile nella <strong>miopia elevata<\/strong>, nella <strong>retinopatia diabetica proliferante<\/strong>, nelle <strong>occlusioni venose<\/strong>, nel <strong>glaucoma neovascolare<\/strong>, nei traumi oculari. Il punto comune tra queste patologie sembra essere l&#8217;ischemia a livello retinico ma a volte la neovascolarizzazione avviene senza cause evidenti e riconoscibili.<\/p>\n<p style=\"text-align: justify;\">Neovasi vengono generati anche nell\u2019<strong>edema maculare refrattario<\/strong>, causato dal rigonfiamento dell\u2019area maculare per accumulo di liquido sottoretinico, una forma di edema che non risponde adeguatamente alle terapie normalmente in uso, riducendo la visione. Pu\u00f2 verificarsi in condizioni quali l\u2019occlusione della vena centrale retinica, la retinopatia diabetica, dopo impianto di lente intraoculare (IOL). In assenza di terapia efficace, la perdita di visione pu\u00f2 progredire e divenire permanente.<\/p>\n<p>[\/vc_column_text][vc_column_text]<\/p>\n<p style=\"text-align: justify;\">La formazione di nuovi vasi \u00e8 un processo biologico fondamentale: \u00e8 necessaria all&#8217;embriogenesi, allo sviluppo della placenta ed alla crescita normale dei tessuti e degli organi, nonch\u00e9 alla guarigione delle ferite. Per contro, \u00e8 alla base della crescita tumorale e di altre patologie. La formazione di neovasi (angiogenesi) sembra avvenire nello stesso modo sia in caso di sviluppo normale che patologico. I vasi neoformati presentano caratteristiche anomale e spesso dannose che sono alla base delle manifestazioni cliniche delle malattie neovascolari dell&#8217;occhio:<\/p>\n<p>[\/vc_column_text][vc_column_text]<\/p>\n<ul>\n<li>Alterata permeabilit\u00e0, con essudazione e trasudazione vasale<\/li>\n<li>Ridotta resistenza meccanica<\/li>\n<li>Crescita disordinata al di fuori del tessuto<\/li>\n<li>Accompagnamento da tessuto fibroso<\/li>\n<li>Tendenza alla contrazione ed alla retrazione<\/li>\n<\/ul>\n<p>[\/vc_column_text][\/vc_column_inner][\/vc_row_inner][vc_separator color=\u00bbgrey\u00bb align=\u00bbalign_center\u00bb style=\u00bb\u00bb border_width=\u00bb\u00bb el_width=\u00bb\u00bb][vc_row_inner el_id=\u00bb\u00bb][vc_column_inner el_class=\u00bb\u00bb width=\u00bb1\/4&#8243;][vc_column_text]<\/p>\n<p><a href=\"https:\/\/www.dalpasso.it\/wp-content\/uploads\/2015\/07\/Neurite-retrobulbare.jpg\" class=\"thickbox no_icon\"><img loading=\"lazy\" decoding=\"async\" class=\"alignnone size-medium wp-image-6094\" src=\"https:\/\/www.dalpasso.it\/wp-content\/uploads\/2015\/07\/Neurite-retrobulbare-300x228.jpg\" alt=\"Neurite retrobulbare\" width=\"300\" height=\"228\" srcset=\"https:\/\/www.dalpasso.it\/wp-content\/uploads\/2015\/07\/Neurite-retrobulbare-300x228.jpg 300w, https:\/\/www.dalpasso.it\/wp-content\/uploads\/2015\/07\/Neurite-retrobulbare.jpg 400w\" sizes=\"auto, (max-width: 300px) 100vw, 300px\" \/><\/a><\/p>\n<p>[\/vc_column_text][\/vc_column_inner][vc_column_inner el_class=\u00bb\u00bb width=\u00bb3\/4&#8243;][vc_column_text]<\/p>\n<h3>Neurite ottica retrobulbare<\/h3>\n<p style=\"text-align: justify;\">Patologia infiammatoria a carico della parte retro-bulbare del nervo ottico, spesso bilaterale e di origine autoimmune, consiste nella reazione immunitaria contro la guaina mielinica che riveste il nervo ottico e che impedisce al segnale elettrico da esso trasmesso di deteriorarsi.<\/p>\n<p style=\"text-align: justify;\">Pu\u00f2 essere il sintomo d\u2019esordio di una malattia demielinizzante come la sclerosi multipla o a placche che in questi casi, oltre al nervo ottico, colpisce la guaina mielinica nel suo complesso, compreso il cervello.\u00a0I sintomi tipici sono la a rapida perdita della vista e il dolore nel muovere gli occhi.<\/p>\n<p style=\"text-align: justify;\">La remissione spontanea, con il ripristino del visus normale si pu\u00f2 verificare in uno-due mesi ma in alcuni casi rimane uno scotoma centrale e nella maggior parte dei casi non si arriva ad un ritorno alla normalit\u00e0.<br \/>\nSono frequenti infatti le recidive, specialmente nella sclerosi multipla. Ogni ricaduta aumenta il danno alla vista residua: le conseguenze possono essere atrofia ottica e la cecit\u00e0 permanente.<\/p>\n<p>[\/vc_column_text][\/vc_column_inner][\/vc_row_inner][vc_separator color=\u00bbgrey\u00bb align=\u00bbalign_center\u00bb style=\u00bb\u00bb border_width=\u00bb\u00bb el_width=\u00bb\u00bb][vc_row_inner el_id=\u00bb\u00bb][vc_column_inner el_class=\u00bb\u00bb width=\u00bb1\/4&#8243;][vc_column_text]<\/p>\n<div id=\"attachment_6406\" style=\"width: 279px\" class=\"wp-caption alignnone\"><a href=\"https:\/\/www.dalpasso.it\/wp-content\/uploads\/2015\/07\/Noduli-di-Lisch.jpg\" class=\"thickbox no_icon\"><img loading=\"lazy\" decoding=\"async\" aria-describedby=\"caption-attachment-6406\" class=\" wp-image-6406\" src=\"https:\/\/www.dalpasso.it\/wp-content\/uploads\/2015\/07\/Noduli-di-Lisch-300x201.jpg\" alt=\"Noduli di Lisch\" width=\"269\" height=\"180\" srcset=\"https:\/\/www.dalpasso.it\/wp-content\/uploads\/2015\/07\/Noduli-di-Lisch-300x201.jpg 300w, https:\/\/www.dalpasso.it\/wp-content\/uploads\/2015\/07\/Noduli-di-Lisch.jpg 755w\" sizes=\"auto, (max-width: 269px) 100vw, 269px\" \/><\/a><p id=\"caption-attachment-6406\" class=\"wp-caption-text\">Noduli di Lisch<\/p><\/div>\n<div id=\"attachment_6407\" style=\"width: 281px\" class=\"wp-caption alignnone\"><a href=\"https:\/\/www.dalpasso.it\/wp-content\/uploads\/2015\/07\/Neurofibroma-plessiforme.jpg\" class=\"thickbox no_icon\"><img loading=\"lazy\" decoding=\"async\" aria-describedby=\"caption-attachment-6407\" class=\" wp-image-6407\" src=\"https:\/\/www.dalpasso.it\/wp-content\/uploads\/2015\/07\/Neurofibroma-plessiforme-300x194.jpg\" alt=\"Neurofibroma plessiforme\" width=\"271\" height=\"175\" srcset=\"https:\/\/www.dalpasso.it\/wp-content\/uploads\/2015\/07\/Neurofibroma-plessiforme-300x194.jpg 300w, https:\/\/www.dalpasso.it\/wp-content\/uploads\/2015\/07\/Neurofibroma-plessiforme.jpg 750w\" sizes=\"auto, (max-width: 271px) 100vw, 271px\" \/><\/a><p id=\"caption-attachment-6407\" class=\"wp-caption-text\">Neurofibroma plessiforme<\/p><\/div>\n<p>[\/vc_column_text][\/vc_column_inner][vc_column_inner el_class=\u00bb\u00bb width=\u00bb3\/4&#8243;][vc_column_text]<\/p>\n<h3>Neurofibromatosi (Morbo di Von Recklinghausen)<\/h3>\n<p style=\"text-align: justify;\">Patologia genetica del gruppo delle facomatosi caratterizzato dallo sviluppo di tumori benigni sui nervi, pu\u00f2 colpire anche la pelle e provocare deformit\u00e0 ossee. Esistono due forme: neurofibromatosi di tipo 1 (NF1) e neurofibromatosi di tipo 2 (NF2). La schwannomatosi \u00e8 considerata una variante della NF2.\u00a0La forma pi\u00f9 comune \u00e8 la NF1, che provoca tumori benigni detti neurofibromi nei tessuti e negli organi. \u00c8 una delle malattie genetiche pi\u00f9 diffuse: colpisce 1 persona su 3500.<\/p>\n<p>[\/vc_column_text][vc_column_text]<\/p>\n<p style=\"text-align: justify;\">Poich\u00e9, in alcuni casi, i neurofibromi possono diventare maligni, la gestione della malattia \u00e8 incentrata sul controllo delle eventuali alterazioni di questi tumori.\u00a0A livello sistemico pu\u00f2 generare neoplasie a livello dei nervi periferici e del sistema nervoso centrale, anomalie scheletriche, fibromi tipo mollusco e pu\u00f2 essere associata ad ipertensione e ritardo mentale.<\/p>\n<p>[\/vc_column_text][vc_column_text]<\/p>\n<p style=\"text-align: justify;\">A livello oculare si possono associare noduli iridei \u00a0di Lisch, neurofibromi palpebrali, glioma del nervo ottico ed ectropion congenito dell&#8217;uvea che pu\u00f2 a sua volta essere associato a glaucoma. Pi\u00f9 raramente si possono sviluppare astrocitomi retinici e meningiomi.<\/p>\n<p>[\/vc_column_text][\/vc_column_inner][\/vc_row_inner][vc_separator color=\u00bbgrey\u00bb align=\u00bbalign_center\u00bb style=\u00bb\u00bb border_width=\u00bb\u00bb el_width=\u00bb\u00bb][vc_row_inner el_id=\u00bb\u00bb][vc_column_inner el_class=\u00bb\u00bb width=\u00bb1\/4&#8243;][vc_column_text css_animation=\u00bb\u00bb]<\/p>\n<p><a href=\"https:\/\/www.dalpasso.it\/wp-content\/uploads\/2015\/07\/Nevo.jpg\" class=\"thickbox no_icon\"><img loading=\"lazy\" decoding=\"async\" class=\"alignnone size-medium wp-image-6095\" src=\"https:\/\/www.dalpasso.it\/wp-content\/uploads\/2015\/07\/Nevo-300x225.jpg\" alt=\"Nevo\" width=\"300\" height=\"225\" \/><\/a><\/p>\n<p>[\/vc_column_text][\/vc_column_inner][vc_column_inner el_class=\u00bb\u00bb width=\u00bb3\/4&#8243;][vc_column_text]<\/p>\n<h3>Nevo<\/h3>\n<p style=\"text-align: justify;\">Piccola lesione pigmentata di origine benigna\u00a0 localizzata in genere sulla congiuntiva bulbare (nevo congiuntivale) che pu\u00f2 formarsi anche all\u2019interno del bulbo, sulla coroide (nevo coroideale) e in rari casi (uno su 5.000) pu\u00f2 trasformarsi in un melanoma maligno.<\/p>\n<p>&nbsp;<\/p>\n<p>I nevi devono essere controllati almeno ogni anno e se non presentano variazioni di forma, volume o colore e se non intefreriscono con le funzioni del bulbo non devono essere rimossi ed hanno di norma un decorso benigno.[\/vc_column_text][\/vc_column_inner][\/vc_row_inner][vc_separator color=\u00bbgrey\u00bb align=\u00bbalign_center\u00bb style=\u00bb\u00bb border_width=\u00bb\u00bb el_width=\u00bb\u00bb][vc_row_inner el_id=\u00bb\u00bb][vc_column_inner el_class=\u00bb\u00bb width=\u00bb1\/4&#8243;][vc_column_text]<\/p>\n<p><a href=\"https:\/\/www.dalpasso.it\/wp-content\/uploads\/2015\/07\/Nistagmo1.jpg\" class=\"thickbox no_icon\"><img loading=\"lazy\" decoding=\"async\" class=\"alignnone size-medium wp-image-6097\" src=\"https:\/\/www.dalpasso.it\/wp-content\/uploads\/2015\/07\/Nistagmo1-300x292.jpg\" alt=\"Nistagmo\" width=\"300\" height=\"292\" srcset=\"https:\/\/www.dalpasso.it\/wp-content\/uploads\/2015\/07\/Nistagmo1-300x292.jpg 300w, https:\/\/www.dalpasso.it\/wp-content\/uploads\/2015\/07\/Nistagmo1.jpg 442w\" sizes=\"auto, (max-width: 300px) 100vw, 300px\" \/><\/a><\/p>\n<p>[\/vc_column_text][\/vc_column_inner][vc_column_inner el_class=\u00bb\u00bb width=\u00bb3\/4&#8243;][vc_column_text]<\/p>\n<h3>Nistagmo<\/h3>\n<p style=\"text-align: justify;\">Oscillazione ritmica e involontaria dei bulbi oculari in cui\u00a0ogni ciclo di movimento tende ad allontanare l\u2019oggetto che si vuole osservare dalla fovea (centro retinico), facendolo uscire dalla zona centrale del campo visivo.\u00a0Si presenta con un movimento pendolare, con la stessa velocit\u00e0 in tutte le direzioni, o con un movimento irregolare con velocit\u00e0 diversa, composto di una fase rapida e di una fase lenta.<\/p>\n<p style=\"text-align: justify;\">Il nistagmo spesso riduce la visione in modo importante, tanto che molti pazienti sono considerati ipovedenti poich\u00e9\u00a0la profondit\u00e0 di campo diminuisce, provocando instabilit\u00e0 nei movimenti. Tuttavia, la capacit\u00e0 visiva pu\u00f2 variare durante il giorno ed essere influenzata da fattori emozionali e fisici come lo stress o la stanchezza.<\/p>\n<p>[\/vc_column_text][vc_column_text]<\/p>\n<p style=\"text-align: justify;\">Il <strong>nistagmo patologico<\/strong> pu\u00f2 essere dovuto a cause genetiche o acquisito in seguito ad una patologia. Si pu\u00f2 manifestare per una lesione del sistema nervoso (cervelletto e tronco encefalico) o dell&#8217;apparato vestibolare (organo dell&#8217;equilibrio).<\/p>\n<p style=\"text-align: justify;\">Il <strong>nistagmo congenito<\/strong> si manifesta in genere entro i primi 2-3 mesi dalla nascita e le cause possono essere varie, cataratta\u00a0congenita, strabismo,\u00a0ecc.).\u00a0Il nistagmo in alcuni casi pu\u00f2 presentarsi senza una causa nota e pu\u00f2 insorgere anche in persone perfettamente sane, soprattutto in caso di stress e affaticamento.<\/p>\n<p>.[\/vc_column_text][\/vc_column_inner][\/vc_row_inner][\/vc_tab][vc_tab title=\u00bbO\u00bb tab_id=\u00bb1438871212363-13-7&#8243;][vc_row_inner][vc_column_inner el_class=\u00bb\u00bb width=\u00bb1\/4&#8243;][vc_column_text]<\/p>\n<p><a href=\"https:\/\/www.dalpasso.it\/wp-content\/uploads\/2015\/07\/uveite.jpg\" class=\"thickbox no_icon\"><img loading=\"lazy\" decoding=\"async\" class=\"alignnone size-medium wp-image-6113\" src=\"https:\/\/www.dalpasso.it\/wp-content\/uploads\/2015\/07\/uveite-300x196.jpg\" alt=\"uveite\" width=\"300\" height=\"196\" srcset=\"https:\/\/www.dalpasso.it\/wp-content\/uploads\/2015\/07\/uveite-300x196.jpg 300w, https:\/\/www.dalpasso.it\/wp-content\/uploads\/2015\/07\/uveite.jpg 500w\" sizes=\"auto, (max-width: 300px) 100vw, 300px\" \/><\/a><\/p>\n<p>[\/vc_column_text][\/vc_column_inner][vc_column_inner el_class=\u00bb\u00bb width=\u00bb3\/4&#8243;][vc_column_text]<\/p>\n<h3 style=\"text-align: justify;\">Oftalmia (o uveite) simpatica<\/h3>\n<p style=\"text-align: justify;\">E&#8217; una complicanza rara e devastante che consiste nell&#8217;insorgenza di una <strong>uveite riflessa<\/strong> nell&#8217;occhio sano e compare nei mesi successivi ad un trauma perforante con <strong>prolasso di tessuto uveale<\/strong> o ad un intervento chirurgico al bulbo, soprattutto nel <strong>polo posteriore<\/strong>. La patologia conduce in breve tempo alla formazione di una panuveite granulomatosa.<\/p>\n<p style=\"text-align: justify;\">L&#8217;occhio traumatizzato \u00e8 detto \u00ab<strong>eccitante<\/strong>\u00bb mentre l&#8217;altro \u00e8 detto \u00ab<strong>simpatizzante<\/strong>\u00ab, i sintomi sono: dolore, fotofobia, paresi dell&#8217;accomodazione, metamorfopsia e perdita del visus, da moderata a significativa.\u00a0L&#8217;infiammazione pu\u00f2 causare distacco retinico e edema maculare grave. I sintomi extraoculari possono comprendere cefalea,\u00a0 meningite e perdita dell&#8217;udito.<\/p>\n<p>[\/vc_column_text][vc_column_text]<\/p>\n<p style=\"text-align: justify;\">L&#8217;eziologia dell&#8217;OS non \u00e8 ancora chiara, si pensa sia dovuta ad un meccanismo <strong>immunitario<\/strong> e alla risposta infiammatoria autoimmune diretta contro gli auto-antigeni oculari che si formano a seguito della lesione iniziale.<\/p>\n<p style=\"text-align: justify;\">Il trattamento chirurgico resta controverso e l&#8217;enucleazione o l&#8217;eviscerazione devono essere proposte solo nel caso di cecit\u00e0 all&#8217;occhio colpito, dato che la prognosi visiva dell&#8217;occhio controlaterale \u00e8 variabile. \u00c8 stato osservato che l&#8217;enucleazione tardiva non porta benefici.<\/p>\n<p>[\/vc_column_text][\/vc_column_inner][\/vc_row_inner][vc_row_inner el_id=\u00bb\u00bb][vc_column_inner el_class=\u00bb\u00bb width=\u00bb1\/1&#8243;][vc_separator color=\u00bbgrey\u00bb align=\u00bbalign_center\u00bb style=\u00bb\u00bb border_width=\u00bb\u00bb el_width=\u00bb\u00bb][\/vc_column_inner][\/vc_row_inner][vc_row_inner el_id=\u00bb\u00bb][vc_column_inner el_class=\u00bb\u00bb width=\u00bb1\/4&#8243;][vc_column_text]<\/p>\n<p><a href=\"https:\/\/www.dalpasso.it\/wp-content\/uploads\/2015\/07\/Oftalmoplegia.jpg\" class=\"thickbox no_icon\"><img loading=\"lazy\" decoding=\"async\" class=\"alignnone size-medium wp-image-6111\" src=\"https:\/\/www.dalpasso.it\/wp-content\/uploads\/2015\/07\/Oftalmoplegia-300x114.jpg\" alt=\"Oftalmoplegia\" width=\"300\" height=\"114\" srcset=\"https:\/\/www.dalpasso.it\/wp-content\/uploads\/2015\/07\/Oftalmoplegia-300x114.jpg 300w, https:\/\/www.dalpasso.it\/wp-content\/uploads\/2015\/07\/Oftalmoplegia.jpg 477w\" sizes=\"auto, (max-width: 300px) 100vw, 300px\" \/><\/a><\/p>\n<p>[\/vc_column_text][\/vc_column_inner][vc_column_inner el_class=\u00bb\u00bb width=\u00bb3\/4&#8243;][vc_column_text]<\/p>\n<h3 style=\"text-align: justify;\"><strong>Oftalmoplegia<\/strong><\/h3>\n<p style=\"text-align: justify;\">Paralisi della muscolatura estrinseca o intrinseca del bulbo che impedisce i normali movimenti del bulbo stesso, compresi quelli involontari dell&#8217;accomodazione. Le cause sono molteplici: traumi, affezioni di origine infiammatoria o infettiva, lesioni vascolari o tumori.<\/p>\n<p style=\"text-align: justify;\">L&#8217;oftalmoplegia internucleare bilaterale in soggetti giovani \u00e8 quasi sempre associata a <strong>sclerosi multipla<\/strong> mentre quella monolaterale \u00e8 in genere secondaria a <strong>lesioni vascolari<\/strong> o ischemiche.<\/p>\n<p>[\/vc_column_text][\/vc_column_inner][\/vc_row_inner][vc_row_inner el_id=\u00bb\u00bb][vc_column_inner el_class=\u00bb\u00bb width=\u00bb1\/1&#8243;][vc_separator color=\u00bbgrey\u00bb align=\u00bbalign_center\u00bb style=\u00bb\u00bb border_width=\u00bb\u00bb el_width=\u00bb\u00bb][\/vc_column_inner][\/vc_row_inner][vc_row_inner el_id=\u00bb\u00bb][vc_column_inner el_class=\u00bb\u00bb width=\u00bb1\/4&#8243;][vc_column_text]<\/p>\n<p><a href=\"https:\/\/www.dalpasso.it\/wp-content\/uploads\/2015\/07\/Orzaiolo.jpg\" class=\"thickbox no_icon\"><img loading=\"lazy\" decoding=\"async\" class=\"alignnone size-medium wp-image-6112\" src=\"https:\/\/www.dalpasso.it\/wp-content\/uploads\/2015\/07\/Orzaiolo-300x200.jpg\" alt=\"Orzaiolo\" width=\"300\" height=\"200\" srcset=\"https:\/\/www.dalpasso.it\/wp-content\/uploads\/2015\/07\/Orzaiolo-300x200.jpg 300w, https:\/\/www.dalpasso.it\/wp-content\/uploads\/2015\/07\/Orzaiolo.jpg 514w\" sizes=\"auto, (max-width: 300px) 100vw, 300px\" \/><\/a><\/p>\n<p>[\/vc_column_text][\/vc_column_inner][vc_column_inner el_class=\u00bb\u00bb width=\u00bb3\/4&#8243;][vc_column_text]<\/p>\n<p>&nbsp;<\/p>\n<p>[\/vc_column_text][\/vc_column_inner][\/vc_row_inner][\/vc_tab][vc_tab title=\u00bbP\u00bb tab_id=\u00bb1438871220082-14-6&#8243;][vc_row_inner][vc_column_inner el_class=\u00bb\u00bb width=\u00bb1\/4&#8243;][vc_column_text]<\/p>\n<p><a href=\"https:\/\/www.dalpasso.it\/wp-content\/uploads\/2015\/07\/Panoftalmite.jpeg\" class=\"thickbox no_icon\"><img loading=\"lazy\" decoding=\"async\" class=\"alignnone size-medium wp-image-6132\" src=\"https:\/\/www.dalpasso.it\/wp-content\/uploads\/2015\/07\/Panoftalmite-300x225.jpeg\" alt=\"Panoftalmite\" width=\"300\" height=\"225\" srcset=\"https:\/\/www.dalpasso.it\/wp-content\/uploads\/2015\/07\/Panoftalmite-300x225.jpeg 300w, https:\/\/www.dalpasso.it\/wp-content\/uploads\/2015\/07\/Panoftalmite.jpeg 589w\" sizes=\"auto, (max-width: 300px) 100vw, 300px\" \/><\/a><\/p>\n<p>[\/vc_column_text][\/vc_column_inner][vc_column_inner el_class=\u00bb\u00bb width=\u00bb3\/4&#8243;][vc_column_text]<\/p>\n<h3>Panoftalmite<\/h3>\n<p style=\"text-align: justify;\">Vasta infezione endobulbare dal quadro clinico drammatico caratterizzata da una primitiva <strong>infiammazione purulenta dell\u2019uvea<\/strong> e successivamente dell\u2019intero bulbo oculare, provocata o da lesioni esterne dell\u2019occhio (forma diretta) o da emboli settici (forma metastatica). Se non \u00e8 curata tempestivamente, provoca la colliquazione purulenta delle parti interne del bulbo. E&#8217; caratterizzata da dolore intenso, edema congiuntivale e palpebrale, esoftalmo ed essudato purulento in camera anteriore.<\/p>\n<p>[\/vc_column_text][vc_column_text]<\/p>\n<p style=\"text-align: justify;\">La pupilla, se visibile, lascia intravedere infiltrati purulenti anche nel vitreo. Il quadro evolve rapidamente in una perforazione del bulbo e ftisi.<br \/>\nLe cause possono essere infezioni esterne (batteriche o fungine per esempio in caso di traumi perforanti, corpi estranei endobulbari, interventi chirurgici) o da strutture vicine (processi suppurativi orbitari o dei seni paranasali) oppure dall\u2019interno dell\u2019organismo per via ematica (endocardite settica, meningococcemia, sepsi).\u00a0La patologia nella sua fase terminale provoca la perdita della vista e richiede l&#8217;enucleazione del bulbo.<\/p>\n<p>[\/vc_column_text][\/vc_column_inner][\/vc_row_inner][vc_separator color=\u00bbgrey\u00bb align=\u00bbalign_center\u00bb style=\u00bb\u00bb border_width=\u00bb\u00bb el_width=\u00bb\u00bb][vc_row_inner el_id=\u00bb\u00bb][vc_column_inner el_class=\u00bb\u00bb width=\u00bb1\/4&#8243;][vc_column_text]<\/p>\n<p><a href=\"https:\/\/www.dalpasso.it\/wp-content\/uploads\/2015\/07\/Panuveite.jpg\" class=\"thickbox no_icon\"><img loading=\"lazy\" decoding=\"async\" class=\"alignnone size-medium wp-image-6133\" src=\"https:\/\/www.dalpasso.it\/wp-content\/uploads\/2015\/07\/Panuveite-300x194.jpg\" alt=\"Panuveite\" width=\"300\" height=\"194\" srcset=\"https:\/\/www.dalpasso.it\/wp-content\/uploads\/2015\/07\/Panuveite-300x194.jpg 300w, https:\/\/www.dalpasso.it\/wp-content\/uploads\/2015\/07\/Panuveite.jpg 580w\" sizes=\"auto, (max-width: 300px) 100vw, 300px\" \/><\/a><\/p>\n<p>[\/vc_column_text][\/vc_column_inner][vc_column_inner el_class=\u00bb\u00bb width=\u00bb3\/4&#8243;][vc_column_text]<\/p>\n<h3>Panuveite<\/h3>\n<p>Flogosi che interessa l&#8217;intera membrana uveale, sia anteriore che posteriore. Le forme acute sono rappresentate dalle endoftalmiti, secondarie a diffusione metastatica di infezioni batteriche, micotiche e virali. Si possono per\u00f2 osservare anche delle endoftalmiti acute sterili, espressione di reazioni di ipersensibilit\u00e0 a materiali endogeni o esogeni.<\/p>\n<p>Le panuveiti croniche sono invece costituite dalle irido-ciclo-coroiditi o uveiti diffuse e ricorrono nell&#8217;evoluzione di uveiti anteriori o posteriori gravi protratte o in corso di malattie generali, batteriche e parassitarie.[\/vc_column_text][vc_column_text]Le principali forme\u00a0di panuveite sono:<\/p>\n<ul>\n<li><strong>Panuveiti acute:\u00a0<\/strong>Batteriche, Micotiche, Virali, Sterili, Sindrome tossica o ipopion sterile secondario ad \u00a0 impianto di IOL<\/li>\n<li><strong>Panuveiti croniche:\u00a0<\/strong>Batteriche per TBC o sifilide,\u00a0 Parassitarie per Toxoplasmosi, Sarcoidosi, Morbo di Beh\u00e7et, Malattia di VKH, Oftalmia simpatica<\/li>\n<\/ul>\n<p>[\/vc_column_text][\/vc_column_inner][\/vc_row_inner][vc_separator color=\u00bbgrey\u00bb align=\u00bbalign_center\u00bb style=\u00bb\u00bb border_width=\u00bb\u00bb el_width=\u00bb\u00bb][vc_row_inner el_id=\u00bb\u00bb][vc_column_inner el_class=\u00bb\u00bb width=\u00bb1\/4&#8243;][vc_column_text]<a href=\"https:\/\/www.dalpasso.it\/wp-content\/uploads\/2015\/07\/Papilloma.jpg\" class=\"thickbox no_icon\"><img loading=\"lazy\" decoding=\"async\" class=\"alignnone size-medium wp-image-6128\" src=\"https:\/\/www.dalpasso.it\/wp-content\/uploads\/2015\/07\/Papilloma-300x237.jpg\" alt=\"Papilloma\" width=\"300\" height=\"237\" \/><\/a><\/p>\n<p><a href=\"https:\/\/www.dalpasso.it\/wp-content\/uploads\/2015\/07\/Papilloma2.jpg\" class=\"thickbox no_icon\"><img loading=\"lazy\" decoding=\"async\" class=\"alignnone size-medium wp-image-6129\" src=\"https:\/\/www.dalpasso.it\/wp-content\/uploads\/2015\/07\/Papilloma2-300x269.jpg\" alt=\"Papilloma2\" width=\"300\" height=\"269\" srcset=\"https:\/\/www.dalpasso.it\/wp-content\/uploads\/2015\/07\/Papilloma2-300x269.jpg 300w, https:\/\/www.dalpasso.it\/wp-content\/uploads\/2015\/07\/Papilloma2.jpg 362w\" sizes=\"auto, (max-width: 300px) 100vw, 300px\" \/><\/a>[\/vc_column_text][\/vc_column_inner][vc_column_inner el_class=\u00bb\u00bb width=\u00bb3\/4&#8243;][vc_column_text]<\/p>\n<h3>Papilloma<\/h3>\n<p style=\"text-align: justify;\">Lesione epiteliale benigna della cute o della mucosa formata da piccole papille che pu\u00f2 coinvolgere le palpebre, la congiuntiva e la regione periorbitale.\u00a0E\u2019 localizzato a livello del fornice congiuntivale (papilloma congiuntivale) oppure sul margine libero della palpebra (papilloma palpebrale), pu\u00f2 essere di forma piatta o peduncolata ed ha spesso cause virali, quindi trasmesse per contagio diretto.<\/p>\n<p style=\"text-align: justify;\">La rimozione delle forme cutanee, sia essa effettuata con modalit\u00e0 tradizionale (bisturi e cauterizzazione), criogenica (con azoto liquido o applicazioni dirette di freddo) o laser non \u00e8 mai dolorosa, a patto che si ricorra a tecniche anestetiche appropriate.<\/p>\n<p>[\/vc_column_text][\/vc_column_inner][\/vc_row_inner][vc_separator color=\u00bbgrey\u00bb align=\u00bbalign_center\u00bb style=\u00bb\u00bb border_width=\u00bb\u00bb el_width=\u00bb\u00bb][vc_row_inner el_id=\u00bb\u00bb][vc_column_inner el_class=\u00bb\u00bb width=\u00bb1\/4&#8243;][vc_column_text]<\/p>\n<p><a href=\"https:\/\/www.dalpasso.it\/wp-content\/uploads\/2015\/07\/Pemfigoide.jpg\" class=\"thickbox no_icon\"><img loading=\"lazy\" decoding=\"async\" class=\"alignnone size-medium wp-image-6145\" src=\"https:\/\/www.dalpasso.it\/wp-content\/uploads\/2015\/07\/Pemfigoide-300x88.jpg\" alt=\"Pemfigoide\" width=\"300\" height=\"88\" srcset=\"https:\/\/www.dalpasso.it\/wp-content\/uploads\/2015\/07\/Pemfigoide-300x88.jpg 300w, https:\/\/www.dalpasso.it\/wp-content\/uploads\/2015\/07\/Pemfigoide.jpg 623w\" sizes=\"auto, (max-width: 300px) 100vw, 300px\" \/><\/a><\/p>\n<p>[\/vc_column_text][\/vc_column_inner][vc_column_inner el_class=\u00bb\u00bb width=\u00bb3\/4&#8243;][vc_column_text]<\/p>\n<h3 style=\"text-align: justify;\">Pemfigoide<\/h3>\n<p style=\"text-align: justify;\">Patolgia rara che consiste nella localizzazione oculare di un gruppo di malattie autoimmuni sistemiche di tipo bolloso che hanno come obiettivo\u00a0la membrana basale della pelle e delle mucose (congiuntiva, cavo orale, naso, esofago, laringe,\u00a0 genitali, vie urinarie).\u00a0Colpisce uomini e donne in una proporzione di uno a tre in una et\u00e0 compresa tra i 30 e i 90 anni, con un picco massimo verso i 70 anni.<\/p>\n<p style=\"text-align: justify;\">Quando la bolla scoppia crea una cicatrice che ha come effetto secondario la retrazione del tessuto.\u00a0Lo stadio terminale del processo infiammatorio autoimmune del pemfigoide oculare \u00e8 rappresentato dalla cicatrizzazione completa della congiuntiva e dalla cheratinizzazione e neovascolarizzazione della cornea.\u00a0Questa patologia \u00e8 curabile se trattata tempestivamente altrimenti provoca cecit\u00e0 bilaterale irreversibile.<\/p>\n<p>[\/vc_column_text][\/vc_column_inner][\/vc_row_inner][vc_separator color=\u00bbgrey\u00bb align=\u00bbalign_center\u00bb style=\u00bb\u00bb border_width=\u00bb\u00bb el_width=\u00bb\u00bb][vc_row_inner el_id=\u00bb\u00bb][vc_column_inner el_class=\u00bb\u00bb width=\u00bb1\/4&#8243;][vc_column_text]<\/p>\n<p><a href=\"https:\/\/www.dalpasso.it\/wp-content\/uploads\/2015\/07\/Pinguecola.jpg\" class=\"thickbox no_icon\"><img loading=\"lazy\" decoding=\"async\" class=\"alignnone size-medium wp-image-6148\" src=\"https:\/\/www.dalpasso.it\/wp-content\/uploads\/2015\/07\/Pinguecola-300x225.jpg\" alt=\"Pinguecola\" width=\"300\" height=\"225\" srcset=\"https:\/\/www.dalpasso.it\/wp-content\/uploads\/2015\/07\/Pinguecola-300x225.jpg 300w, https:\/\/www.dalpasso.it\/wp-content\/uploads\/2015\/07\/Pinguecola.jpg 960w\" sizes=\"auto, (max-width: 300px) 100vw, 300px\" \/><\/a><\/p>\n<p>[\/vc_column_text][\/vc_column_inner][vc_column_inner el_class=\u00bb\u00bb width=\u00bb3\/4&#8243;][vc_column_text]<\/p>\n<h3>Pinguecola<\/h3>\n<p>E&#8217; una lesione che si forma sul tessuto superficiale della sclera vicino all&#8217;angolo corneale. Di colore giallognolo e leggermente sporgente, \u00e8 molto comune tra le persone di mezza et\u00e0 o pi\u00f9 anziane che passano molto tempo al sole ma si pu\u00f2 trovare anche in\u00a0persone pi\u00f9\u00a0giovani e persino nei bambini.<\/p>\n<p>Normalmente causa pochi sintomi ma una pinguecola irritata pu\u00f2 creare una sensazione di un corpo estraneo e in alcuni casi pu\u00f2 infiammarsi ed edemizzarsi.\u00a0Nei casi gravi la rimozione chirurgica della pinguecola e consigliata soprattutto se crea problemi alla vista, all&#8217;uso di lenti a contatto, o perfino alla chiusura delle palpebre.\u00a0Di frequente, la pinguecola porta alla formazione di pterigio.[\/vc_column_text][\/vc_column_inner][\/vc_row_inner][vc_separator color=\u00bbgrey\u00bb align=\u00bbalign_center\u00bb style=\u00bb\u00bb border_width=\u00bb\u00bb el_width=\u00bb\u00bb][vc_row_inner el_id=\u00bb\u00bb][vc_column_inner el_class=\u00bb\u00bb width=\u00bb1\/4&#8243;][vc_column_text css_animation=\u00bb\u00bb]<\/p>\n<p><a href=\"https:\/\/www.dalpasso.it\/wp-content\/uploads\/2015\/07\/Proptosi.jpg\" class=\"thickbox no_icon\"><img loading=\"lazy\" decoding=\"async\" class=\"alignnone size-medium wp-image-6138\" src=\"https:\/\/www.dalpasso.it\/wp-content\/uploads\/2015\/07\/Proptosi-300x140.jpg\" alt=\"Proptosi\" width=\"300\" height=\"140\" srcset=\"https:\/\/www.dalpasso.it\/wp-content\/uploads\/2015\/07\/Proptosi-300x140.jpg 300w, https:\/\/www.dalpasso.it\/wp-content\/uploads\/2015\/07\/Proptosi.jpg 637w\" sizes=\"auto, (max-width: 300px) 100vw, 300px\" \/><\/a><\/p>\n<p>[\/vc_column_text][\/vc_column_inner][vc_column_inner el_class=\u00bb\u00bb width=\u00bb3\/4&#8243;][vc_column_text]<\/p>\n<h3>Proptosi<\/h3>\n<p>Protrusione anomala del bulbo oculare causata da alterazioni localizzate nello spazio retrobulbare o a volte da un\u2019orbita poco profonda. Pu\u00f2 essere di origine traumatica o secondaria a processi infiammatori cronici, malformazioni vascolari o tumori a localizzazione orbitaria o endobulbare e successivamente invadenti l\u2019orbita.<\/p>\n<p>Nella sua forma assiale \u00e8 determinata da lesioni invadenti e localizzate all&#8217;interno del cono muscolare, come l\u2019emangioma cavernoso e le neoplasie del nervo ottico o l&#8217;oftalmopatia tiroidea.[\/vc_column_text][vc_column_text]<\/p>\n<p style=\"text-align: justify;\">Lesioni situate all\u2019esterno del cono muscolare danno luogo a una proptosi eccentrica\u00a0la cui direzione \u00e8 determinata dalla sede della lesione: pu\u00f2 essere monolaterale o bilaterale, simmetrica o asimmetrica.<\/p>\n<p style=\"text-align: justify;\">Nella sua forma acuta, se accompagnata da dolore e chemosi congiuntivale \u00e8 di solito sintomo di una cellulite orbitaria o pseudotumor infiammatorio.\u00a0Viene misurata con l&#8217;exoftalmomtro e una differenza di 2 mm fra i due occhi \u00e8 gi\u00e0 indicativa e fa propendere per una diagnosi di proptosi.\u00a0La proptosi viene classificata in lieve (21\u00f723 mm), moderata (24\u00f727 mm) e grave (28 mm o pi\u00f9).<\/p>\n<p>[\/vc_column_text][\/vc_column_inner][\/vc_row_inner][vc_separator color=\u00bbgrey\u00bb align=\u00bbalign_center\u00bb style=\u00bb\u00bb border_width=\u00bb\u00bb el_width=\u00bb\u00bb][vc_row_inner el_id=\u00bb\u00bb][vc_column_inner el_class=\u00bb\u00bb width=\u00bb1\/4&#8243;][vc_column_text css_animation=\u00bb\u00bb]<\/p>\n<p><a href=\"https:\/\/www.dalpasso.it\/wp-content\/uploads\/2015\/07\/Pseudoptosi.jpg\" class=\"thickbox no_icon\"><img loading=\"lazy\" decoding=\"async\" class=\"alignnone size-medium wp-image-6135\" src=\"https:\/\/www.dalpasso.it\/wp-content\/uploads\/2015\/07\/Pseudoptosi-300x126.jpg\" alt=\"Pseudoptosi\" width=\"300\" height=\"126\" srcset=\"https:\/\/www.dalpasso.it\/wp-content\/uploads\/2015\/07\/Pseudoptosi-300x126.jpg 300w, https:\/\/www.dalpasso.it\/wp-content\/uploads\/2015\/07\/Pseudoptosi-1024x431.jpg 1024w, https:\/\/www.dalpasso.it\/wp-content\/uploads\/2015\/07\/Pseudoptosi.jpg 1086w\" sizes=\"auto, (max-width: 300px) 100vw, 300px\" \/><\/a><\/p>\n<p>[\/vc_column_text][\/vc_column_inner][vc_column_inner el_class=\u00bb\u00bb width=\u00bb3\/4&#8243;][vc_column_text]<\/p>\n<h3>Pseudoptosi<\/h3>\n<p style=\"text-align: justify;\">Ptosi \u00abapparente\u00bb che pu\u00f2 risultare da un deficit volumetrico come quello associato al microftalmo o alla sindrome della cavit\u00e0 anoftalmica. Pu\u00f2 essere rilevata anche in diverse altre condizioni come l&#8217;eccesso di cute sulla palpebra superiore o l&#8217;ipotropia.<\/p>\n<p>[\/vc_column_text][\/vc_column_inner][\/vc_row_inner][vc_separator color=\u00bbgrey\u00bb align=\u00bbalign_center\u00bb style=\u00bb\u00bb border_width=\u00bb\u00bb el_width=\u00bb\u00bb][vc_row_inner el_id=\u00bb\u00bb][vc_column_inner el_class=\u00bb\u00bb width=\u00bb1\/4&#8243;][vc_column_text]<\/p>\n<p><a href=\"https:\/\/www.dalpasso.it\/wp-content\/uploads\/2015\/07\/Pterigio.jpg\" class=\"thickbox no_icon\"><img loading=\"lazy\" decoding=\"async\" class=\"alignnone size-medium wp-image-6149\" src=\"https:\/\/www.dalpasso.it\/wp-content\/uploads\/2015\/07\/Pterigio-300x118.jpg\" alt=\"Pterigio\" width=\"300\" height=\"118\" srcset=\"https:\/\/www.dalpasso.it\/wp-content\/uploads\/2015\/07\/Pterigio-300x118.jpg 300w, https:\/\/www.dalpasso.it\/wp-content\/uploads\/2015\/07\/Pterigio-1024x401.jpg 1024w, https:\/\/www.dalpasso.it\/wp-content\/uploads\/2015\/07\/Pterigio.jpg 1200w\" sizes=\"auto, (max-width: 300px) 100vw, 300px\" \/><\/a><\/p>\n<p>[\/vc_column_text][\/vc_column_inner][vc_column_inner el_class=\u00bb\u00bb width=\u00bb3\/4&#8243;][vc_column_text]<\/p>\n<h3>Pterigio<\/h3>\n<p style=\"text-align: justify;\">E&#8217; un&#8217;escrescenza cuneiforme fibrovascolare che si forma tipicamente sul tessuto superficiale della sclera ma in alcuni casi anche sulla cornea e interferire con la vista.\u00a0La causa della sua formazione \u00e8 l&#8217;esposizione prolungata ai raggi ultravioletti del sole.<\/p>\n<p style=\"text-align: justify;\">Nella fase iniziale non si avverte alcun sintomo e non \u00e8 necessaria alcuna terapia ma alcune forme possono causare edema e forte infiammazione, mentre altre possono crescere o assottigliarsi. In questi casi si pu\u00f2 avvertire la sensazione di corpo estraneo.<\/p>\n<p style=\"text-align: justify;\">Nella sua forma avanzata pu\u00f2 causare una distorsione della superficie corneale e generare\u00a0astigmatismo.\u00a0Se la lesione \u00e8 infiammata e di piccole dimensioni un gel lubrificante pu\u00f2 dare sollievo\u00a0ma in alcuni casi e&#8217; necessaria la sua rimozione chirurgica, tenendo conto che questa lesione \u00e8 recidivante nel 30-40 per cento dei casi.<\/p>\n<p>[\/vc_column_text][\/vc_column_inner][\/vc_row_inner][vc_separator color=\u00bbgrey\u00bb align=\u00bbalign_center\u00bb][vc_row_inner el_id=\u00bb\u00bb][vc_column_inner el_class=\u00bb\u00bb width=\u00bb1\/4&#8243;][vc_column_text]<\/p>\n<p><a href=\"https:\/\/www.dalpasso.it\/wp-content\/uploads\/2015\/07\/Ptosi.jpg\" class=\"thickbox no_icon\"><img loading=\"lazy\" decoding=\"async\" class=\"alignnone size-medium wp-image-6134\" src=\"https:\/\/www.dalpasso.it\/wp-content\/uploads\/2015\/07\/Ptosi-300x147.jpg\" alt=\"Ptosi\" width=\"300\" height=\"147\" srcset=\"https:\/\/www.dalpasso.it\/wp-content\/uploads\/2015\/07\/Ptosi-300x147.jpg 300w, https:\/\/www.dalpasso.it\/wp-content\/uploads\/2015\/07\/Ptosi-762x377.jpg 762w, https:\/\/www.dalpasso.it\/wp-content\/uploads\/2015\/07\/Ptosi.jpg 768w\" sizes=\"auto, (max-width: 300px) 100vw, 300px\" \/><\/a><\/p>\n<p>[\/vc_column_text][\/vc_column_inner][vc_column_inner el_class=\u00bb\u00bb width=\u00bb3\/4&#8243;][vc_column_text]<\/p>\n<h3 style=\"text-align: justify;\">Ptosi<\/h3>\n<p style=\"text-align: justify;\">Patologia che consiste nella chiusura della palpebra superiore per l&#8217;impossibilit\u00e0 di sollevarla in seguito ad insufficienza funzionale del muscolo elevatore palpebrale. La forma pi\u00f9 comune \u00e8 quella congenita, una distrofia od aponeurosi isolata mono o bilaterale.\u00a0Esistono anche ptosi acquisite che possono essere:<\/p>\n<p>&nbsp;<\/p>\n<ul style=\"text-align: justify;\">\n<li><strong>Aponeurotiche<\/strong> (ptosi senile)<\/li>\n<li><strong>Neurogene<\/strong> (paralisi del III\u00b0 nervo cranico, sindrome di Horner)<\/li>\n<li><strong>Miogene<\/strong> (oftalmoplegia progressiva)<\/li>\n<li><strong>Miasteniche<\/strong> (deficit neuromuscolare)<\/li>\n<li><strong>Meccaniche<\/strong> (traumi, briglie cicatriziali o masse che impediscono il movimento della palpebra)<\/li>\n<\/ul>\n<p>&nbsp;<\/p>\n<p>Se la ptosi \u00e8 contenuta pone solo problemi di tipo estetico ma se \u00e8 molto accentuata pu\u00f2 interferire con la visione, richiedendo la terapia chirurgica. Nelle ptosi congenite di una certa entit\u00e0 occorre comunque intervenire velocemente poich\u00e9 possono impedire il corretto sviluppo della funzione visiva.[\/vc_column_text][\/vc_column_inner][\/vc_row_inner][\/vc_tab][vc_tab title=\u00bbQ\u00bb tab_id=\u00bb1438871227412-15-1&#8243;][vc_row_inner][vc_column_inner el_class=\u00bb\u00bb width=\u00bb1\/4&#8243;][vc_column_text]<br \/>\n[\/vc_column_text][\/vc_column_inner][vc_column_inner el_class=\u00bb\u00bb width=\u00bb3\/4&#8243;][vc_column_text]<br \/>\n[\/vc_column_text][\/vc_column_inner][\/vc_row_inner][\/vc_tab][\/vc_tabs][\/vc_column][\/vc_row]<\/div>","protected":false},"excerpt":{"rendered":"<p>[vc_row][vc_column width=\u00bb1\/1&#8243;][vc_column_text] Dizionario: Patologia [\/vc_column_text][\/vc_column][\/vc_row][vc_row el_class=\u00bbglossario\u00bb][vc_column width=\u00bb1\/1&#8243;][vc_tabs][vc_tab title=\u00bbI\u00bb tab_id=\u00bb1438871160720-8-1&#8243;][vc_row_inner][vc_column_inner el_class=\u00bb\u00bb width=\u00bb1\/4&#8243;][vc_column_text] [\/vc_column_text][\/vc_column_inner][vc_column_inner el_class=\u00bb\u00bb width=\u00bb3\/4&#8243;][vc_column_text] Ipopion Tipica complicanza dell&#8217;ulcera corneale che consiste nell&#8217;accumulo di essudato purulento, visibile anche a occhio nudo, che si forma nella camera anteriore a livello della porzione inferiore del limbus.\u00a0Si presenta come una stria biancastra simile ad una scalfittura. [\/vc_column_text][\/vc_column_inner][\/vc_row_inner][vc_separator color=\u00bbgrey\u00bb align=\u00bbalign_center\u00bb [&hellip;]<\/p>\n","protected":false},"author":1,"featured_media":0,"parent":13194,"menu_order":2,"comment_status":"closed","ping_status":"closed","template":"","meta":{"footnotes":""},"class_list":["post-13201","page","type-page","status-publish","hentry"],"yoast_head":"<!-- This site is optimized with the Yoast SEO plugin v27.1.1 - https:\/\/yoast.com\/product\/yoast-seo-wordpress\/ -->\n<title>Patologia I-Q | Dalpasso protesi oculari<\/title>\n<meta name=\"robots\" content=\"index, follow, max-snippet:-1, max-image-preview:large, max-video-preview:-1\" \/>\n<link rel=\"canonical\" href=\"https:\/\/www.dalpasso.it\/es\/informacion\/diccionario\/patologia-i-q-es\/\" \/>\n<meta property=\"og:locale\" content=\"es_ES\" \/>\n<meta property=\"og:type\" content=\"article\" \/>\n<meta property=\"og:title\" content=\"Patologia I-Q | Dalpasso protesi oculari\" \/>\n<meta property=\"og:description\" content=\"[vc_row][vc_column width=\u00bb1\/1&#8243;][vc_column_text] Dizionario: Patologia [\/vc_column_text][\/vc_column][\/vc_row][vc_row el_class=\u00bbglossario\u00bb][vc_column width=\u00bb1\/1&#8243;][vc_tabs][vc_tab title=\u00bbI\u00bb tab_id=\u00bb1438871160720-8-1&#8243;][vc_row_inner][vc_column_inner el_class=\u00bb\u00bb width=\u00bb1\/4&#8243;][vc_column_text] [\/vc_column_text][\/vc_column_inner][vc_column_inner el_class=\u00bb\u00bb width=\u00bb3\/4&#8243;][vc_column_text] Ipopion Tipica complicanza dell&#8217;ulcera corneale che consiste nell&#8217;accumulo di essudato purulento, visibile anche a occhio nudo, che si forma nella camera anteriore a livello della porzione inferiore del limbus.\u00a0Si presenta come una stria biancastra simile ad una scalfittura. [\/vc_column_text][\/vc_column_inner][\/vc_row_inner][vc_separator color=\u00bbgrey\u00bb align=\u00bbalign_center\u00bb [&hellip;]\" \/>\n<meta property=\"og:url\" content=\"https:\/\/www.dalpasso.it\/es\/informacion\/diccionario\/patologia-i-q-es\/\" \/>\n<meta property=\"og:site_name\" content=\"Dalpasso protesi oculari\" \/>\n<meta property=\"article:modified_time\" content=\"2015-12-01T13:14:26+00:00\" \/>\n<meta property=\"og:image\" content=\"https:\/\/www.dalpasso.it\/wp-content\/uploads\/2015\/07\/Ipopion.jpg\" \/>\n\t<meta property=\"og:image:width\" content=\"640\" \/>\n\t<meta property=\"og:image:height\" content=\"426\" \/>\n\t<meta property=\"og:image:type\" content=\"image\/jpeg\" \/>\n<meta name=\"twitter:card\" content=\"summary_large_image\" \/>\n<meta name=\"twitter:label1\" content=\"Tiempo de lectura\" \/>\n\t<meta name=\"twitter:data1\" content=\"29 minutos\" \/>\n<script type=\"application\/ld+json\" class=\"yoast-schema-graph\">{\"@context\":\"https:\/\/schema.org\",\"@graph\":[{\"@type\":\"WebPage\",\"@id\":\"https:\/\/www.dalpasso.it\/es\/informacion\/diccionario\/patologia-i-q-es\/\",\"url\":\"https:\/\/www.dalpasso.it\/es\/informacion\/diccionario\/patologia-i-q-es\/\",\"name\":\"Patologia I-Q | Dalpasso protesi oculari\",\"isPartOf\":{\"@id\":\"https:\/\/www.dalpasso.it\/es\/#website\"},\"primaryImageOfPage\":{\"@id\":\"https:\/\/www.dalpasso.it\/es\/informacion\/diccionario\/patologia-i-q-es\/#primaryimage\"},\"image\":{\"@id\":\"https:\/\/www.dalpasso.it\/es\/informacion\/diccionario\/patologia-i-q-es\/#primaryimage\"},\"thumbnailUrl\":\"https:\/\/www.dalpasso.it\/wp-content\/uploads\/2015\/07\/Ipopion-300x200.jpg\",\"datePublished\":\"2015-12-01T13:13:54+00:00\",\"dateModified\":\"2015-12-01T13:14:26+00:00\",\"breadcrumb\":{\"@id\":\"https:\/\/www.dalpasso.it\/es\/informacion\/diccionario\/patologia-i-q-es\/#breadcrumb\"},\"inLanguage\":\"es\",\"potentialAction\":[{\"@type\":\"ReadAction\",\"target\":[\"https:\/\/www.dalpasso.it\/es\/informacion\/diccionario\/patologia-i-q-es\/\"]}]},{\"@type\":\"ImageObject\",\"inLanguage\":\"es\",\"@id\":\"https:\/\/www.dalpasso.it\/es\/informacion\/diccionario\/patologia-i-q-es\/#primaryimage\",\"url\":\"https:\/\/www.dalpasso.it\/wp-content\/uploads\/2015\/07\/Ipopion-300x200.jpg\",\"contentUrl\":\"https:\/\/www.dalpasso.it\/wp-content\/uploads\/2015\/07\/Ipopion-300x200.jpg\"},{\"@type\":\"BreadcrumbList\",\"@id\":\"https:\/\/www.dalpasso.it\/es\/informacion\/diccionario\/patologia-i-q-es\/#breadcrumb\",\"itemListElement\":[{\"@type\":\"ListItem\",\"position\":1,\"name\":\"Home\",\"item\":\"https:\/\/www.dalpasso.it\/es\/standard-business\/\"},{\"@type\":\"ListItem\",\"position\":2,\"name\":\"INFORMACI\u00d3N\",\"item\":\"https:\/\/www.dalpasso.it\/es\/informacion\/\"},{\"@type\":\"ListItem\",\"position\":3,\"name\":\"DICCIONARIO\",\"item\":\"https:\/\/www.dalpasso.it\/es\/informacion\/diccionario\/\"},{\"@type\":\"ListItem\",\"position\":4,\"name\":\"Patologia I-Q\"}]},{\"@type\":\"WebSite\",\"@id\":\"https:\/\/www.dalpasso.it\/es\/#website\",\"url\":\"https:\/\/www.dalpasso.it\/es\/\",\"name\":\"DALPASSO Protesi Oculari\",\"description\":\"\",\"potentialAction\":[{\"@type\":\"SearchAction\",\"target\":{\"@type\":\"EntryPoint\",\"urlTemplate\":\"https:\/\/www.dalpasso.it\/es\/?s={search_term_string}\"},\"query-input\":{\"@type\":\"PropertyValueSpecification\",\"valueRequired\":true,\"valueName\":\"search_term_string\"}}],\"inLanguage\":\"es\"}]}<\/script>\n<!-- \/ Yoast SEO plugin. -->","yoast_head_json":{"title":"Patologia I-Q | Dalpasso protesi oculari","robots":{"index":"index","follow":"follow","max-snippet":"max-snippet:-1","max-image-preview":"max-image-preview:large","max-video-preview":"max-video-preview:-1"},"canonical":"https:\/\/www.dalpasso.it\/es\/informacion\/diccionario\/patologia-i-q-es\/","og_locale":"es_ES","og_type":"article","og_title":"Patologia I-Q | Dalpasso protesi oculari","og_description":"[vc_row][vc_column width=\u00bb1\/1&#8243;][vc_column_text] Dizionario: Patologia [\/vc_column_text][\/vc_column][\/vc_row][vc_row el_class=\u00bbglossario\u00bb][vc_column width=\u00bb1\/1&#8243;][vc_tabs][vc_tab title=\u00bbI\u00bb tab_id=\u00bb1438871160720-8-1&#8243;][vc_row_inner][vc_column_inner el_class=\u00bb\u00bb width=\u00bb1\/4&#8243;][vc_column_text] [\/vc_column_text][\/vc_column_inner][vc_column_inner el_class=\u00bb\u00bb width=\u00bb3\/4&#8243;][vc_column_text] Ipopion Tipica complicanza dell&#8217;ulcera corneale che consiste nell&#8217;accumulo di essudato purulento, visibile anche a occhio nudo, che si forma nella camera anteriore a livello della porzione inferiore del limbus.\u00a0Si presenta come una stria biancastra simile ad una scalfittura. [\/vc_column_text][\/vc_column_inner][\/vc_row_inner][vc_separator color=\u00bbgrey\u00bb align=\u00bbalign_center\u00bb [&hellip;]","og_url":"https:\/\/www.dalpasso.it\/es\/informacion\/diccionario\/patologia-i-q-es\/","og_site_name":"Dalpasso protesi oculari","article_modified_time":"2015-12-01T13:14:26+00:00","og_image":[{"width":640,"height":426,"url":"https:\/\/www.dalpasso.it\/wp-content\/uploads\/2015\/07\/Ipopion.jpg","type":"image\/jpeg"}],"twitter_card":"summary_large_image","twitter_misc":{"Tiempo de lectura":"29 minutos"},"schema":{"@context":"https:\/\/schema.org","@graph":[{"@type":"WebPage","@id":"https:\/\/www.dalpasso.it\/es\/informacion\/diccionario\/patologia-i-q-es\/","url":"https:\/\/www.dalpasso.it\/es\/informacion\/diccionario\/patologia-i-q-es\/","name":"Patologia I-Q | Dalpasso protesi oculari","isPartOf":{"@id":"https:\/\/www.dalpasso.it\/es\/#website"},"primaryImageOfPage":{"@id":"https:\/\/www.dalpasso.it\/es\/informacion\/diccionario\/patologia-i-q-es\/#primaryimage"},"image":{"@id":"https:\/\/www.dalpasso.it\/es\/informacion\/diccionario\/patologia-i-q-es\/#primaryimage"},"thumbnailUrl":"https:\/\/www.dalpasso.it\/wp-content\/uploads\/2015\/07\/Ipopion-300x200.jpg","datePublished":"2015-12-01T13:13:54+00:00","dateModified":"2015-12-01T13:14:26+00:00","breadcrumb":{"@id":"https:\/\/www.dalpasso.it\/es\/informacion\/diccionario\/patologia-i-q-es\/#breadcrumb"},"inLanguage":"es","potentialAction":[{"@type":"ReadAction","target":["https:\/\/www.dalpasso.it\/es\/informacion\/diccionario\/patologia-i-q-es\/"]}]},{"@type":"ImageObject","inLanguage":"es","@id":"https:\/\/www.dalpasso.it\/es\/informacion\/diccionario\/patologia-i-q-es\/#primaryimage","url":"https:\/\/www.dalpasso.it\/wp-content\/uploads\/2015\/07\/Ipopion-300x200.jpg","contentUrl":"https:\/\/www.dalpasso.it\/wp-content\/uploads\/2015\/07\/Ipopion-300x200.jpg"},{"@type":"BreadcrumbList","@id":"https:\/\/www.dalpasso.it\/es\/informacion\/diccionario\/patologia-i-q-es\/#breadcrumb","itemListElement":[{"@type":"ListItem","position":1,"name":"Home","item":"https:\/\/www.dalpasso.it\/es\/standard-business\/"},{"@type":"ListItem","position":2,"name":"INFORMACI\u00d3N","item":"https:\/\/www.dalpasso.it\/es\/informacion\/"},{"@type":"ListItem","position":3,"name":"DICCIONARIO","item":"https:\/\/www.dalpasso.it\/es\/informacion\/diccionario\/"},{"@type":"ListItem","position":4,"name":"Patologia I-Q"}]},{"@type":"WebSite","@id":"https:\/\/www.dalpasso.it\/es\/#website","url":"https:\/\/www.dalpasso.it\/es\/","name":"DALPASSO Protesi Oculari","description":"","potentialAction":[{"@type":"SearchAction","target":{"@type":"EntryPoint","urlTemplate":"https:\/\/www.dalpasso.it\/es\/?s={search_term_string}"},"query-input":{"@type":"PropertyValueSpecification","valueRequired":true,"valueName":"search_term_string"}}],"inLanguage":"es"}]}},"_links":{"self":[{"href":"https:\/\/www.dalpasso.it\/es\/wp-json\/wp\/v2\/pages\/13201","targetHints":{"allow":["GET"]}}],"collection":[{"href":"https:\/\/www.dalpasso.it\/es\/wp-json\/wp\/v2\/pages"}],"about":[{"href":"https:\/\/www.dalpasso.it\/es\/wp-json\/wp\/v2\/types\/page"}],"author":[{"embeddable":true,"href":"https:\/\/www.dalpasso.it\/es\/wp-json\/wp\/v2\/users\/1"}],"replies":[{"embeddable":true,"href":"https:\/\/www.dalpasso.it\/es\/wp-json\/wp\/v2\/comments?post=13201"}],"version-history":[{"count":1,"href":"https:\/\/www.dalpasso.it\/es\/wp-json\/wp\/v2\/pages\/13201\/revisions"}],"predecessor-version":[{"id":13202,"href":"https:\/\/www.dalpasso.it\/es\/wp-json\/wp\/v2\/pages\/13201\/revisions\/13202"}],"up":[{"embeddable":true,"href":"https:\/\/www.dalpasso.it\/es\/wp-json\/wp\/v2\/pages\/13194"}],"wp:attachment":[{"href":"https:\/\/www.dalpasso.it\/es\/wp-json\/wp\/v2\/media?parent=13201"}],"curies":[{"name":"wp","href":"https:\/\/api.w.org\/{rel}","templated":true}]}}