{"id":12981,"date":"2015-05-18T14:31:09","date_gmt":"2015-05-18T12:31:09","guid":{"rendered":"http:\/\/www.dalpasso.it\/es\/informacion\/faq\/"},"modified":"2015-12-15T11:46:02","modified_gmt":"2015-12-15T10:46:02","slug":"que-tienes-que-saber-sobre-la-aplicacion-protesica","status":"publish","type":"page","link":"https:\/\/www.dalpasso.it\/es\/informacion\/que-tienes-que-saber-sobre-la-aplicacion-protesica\/","title":{"rendered":"QU\u00c9 TIENES QUE SABER SOBRE LA APLICACI\u00d3N PROT\u00c9SICA"},"content":{"rendered":"<div class=\"wpb-content-wrapper\">[vc_row full_width=\u00bb\u00bb parallax=\u00bb\u00bb parallax_image=\u00bb\u00bb][vc_column width=\u00bb1\/1&#8243;]<div id=\"port_slider\" class=\"flexslider oi_flex_loading oi_vc_gal\">\r\n\t\t\t\t<ul class=\"slides\"><li><img decoding=\"async\" src=\"https:\/\/www.dalpasso.it\/wp-content\/uploads\/2015\/05\/Cosa-devi-sapere03.jpg\"\/><\/li><\/ul><\/div>[\/vc_column][\/vc_row][vc_row full_width=\u00bb\u00bb parallax=\u00bb\u00bb parallax_image=\u00bb\u00bb el_id=\u00bb\u00bb][vc_column width=\u00bb1\/2&#8243;][vc_toggle title=\u00bbHOSPITALIZACI\u00d3N\u00bb style=\u00bbdefault\u00bb size=\u00bbmd\u00bb open=\u00bbfalse\u00bb]<\/p>\n<p>Antes de la sesi\u00f3n no se requiere ninguna dieta espec\u00edfica, aunque se aconseja tomar una comida ligera y no beber alcohol.<br \/>\nEl d\u00eda de la sesi\u00f3n es preferible que el paciente llegue descansado, evite actividades o viajes especialmente pesados y haya dormido un n\u00famero de horas suficiente. De este modo los tejidos de los anexos oculares estar\u00e1n en condiciones ideales para la aplicaci\u00f3n.<\/p>\n<p>[\/vc_toggle][\/vc_column][vc_column width=\u00bb1\/2&#8243;][vc_toggle title=\u00bbACEPTACI\u00d3N\u00bb style=\u00bbdefault\u00bb size=\u00bbmd\u00bb open=\u00bbfalse\u00bb]<\/p>\n<p style=\"text-align: justify;\">Es la primera sesi\u00f3n de una hora de duraci\u00f3n en la que se realizar\u00e1n:<\/p>\n<p style=\"text-align: justify;\">\u2022 Historial cl\u00ednico del paciente<br \/>\n\u2022 Registro de los datos t\u00e9cnicos, sanitarios y de la intervenci\u00f3n realizada<br \/>\n\u2022 Obtenci\u00f3n de los par\u00e1metros de la cavidad anoft\u00e1lmica o del globo ocular atr\u00f3fico<br \/>\n\u2022 Planificaci\u00f3n de la aplicaci\u00f3n prot\u00e9sica e informaci\u00f3n al paciente<br \/>\n\u2022 Elaboraci\u00f3n y entrega al paciente del presupuesto para presentar a la ASL o al INAIL.<\/p>\n<p>[\/vc_toggle][\/vc_column][\/vc_row][vc_row full_width=\u00bb\u00bb parallax=\u00bb\u00bb parallax_image=\u00bb\u00bb][vc_column width=\u00bb1\/2&#8243;][vc_toggle title=\u00bbDURACI\u00d3N DE LA APLICACI\u00d3N\u00bb style=\u00bbdefault\u00bb size=\u00bbmd\u00bb open=\u00bbfalse\u00bb el_id=\u00bb1437578669570-3e563ec4-f9da\u00bb]<\/p>\n<p style=\"text-align: justify;\">El paciente debe permanecer a disposici\u00f3n normalmente 2 o 3 horas por la ma\u00f1ana y 2 o 3 horas por la tarde del mismo d\u00eda.<br \/>\nLa pr\u00f3tesis se entregar\u00e1 antes de las 18.00 horas. La pr\u00f3tesis provisional normalmente se entrega al final de la primera sesi\u00f3n.<br \/>\nLa aplicaci\u00f3n de la pr\u00f3tesis definitiva se perfeccionar\u00e1 en las sesiones siguientes.<br \/>\nLos pacientes que residen lejos de nuestros centros deber\u00e1n quedarse por lo menos dos d\u00edas seguidos, en los que se terminar\u00e1 la aplicaci\u00f3n completa (pr\u00f3tesis provisional + pr\u00f3tesis definitiva).<br \/>\nSe pide al paciente puntualidad en las citas para evitar complicaciones t\u00e9cnicas y para no interferir con las aplicaciones de los dem\u00e1s pacientes<br \/>\n.<\/p>\n<p>[\/vc_toggle][\/vc_column][vc_column width=\u00bb1\/2&#8243;][vc_toggle title=\u00bbCOSTE DE LA APLICACI\u00d3N\u00bb style=\u00bbdefault\u00bb size=\u00bbmd\u00bb open=\u00bbfalse\u00bb el_id=\u00bb1437578669683-204d83f4-552b\u00bb]<\/p>\n<p style=\"text-align: justify;\">Todas las aplicaciones realizadas en nuestras sedes, excluidas las revisiones peri\u00f3dicas, est\u00e1n completamente a cargo del Servicio Sanitario Nacional italiano (S.S.N.) para las personas con derecho al mismo.<br \/>\nLos pacientes que no deseen acogerse al S.S.N. pueden efectuar el pago de la aplicaci\u00f3n prot\u00e9sica: en este caso se aplicar\u00e1 la lista de precios en vigor.<\/p>\n<p>[\/vc_toggle][\/vc_column][\/vc_row][vc_row full_width=\u00bb\u00bb parallax=\u00bb\u00bb parallax_image=\u00bb\u00bb][vc_column width=\u00bb1\/2&#8243;][vc_toggle title=\u00bbGARANT\u00cdA\u00bb style=\u00bbdefault\u00bb size=\u00bbmd\u00bb open=\u00bbfalse\u00bb el_id=\u00bb1437578669808-b3d6cfd3-1724&#8243;]<\/p>\n<p style=\"text-align: justify;\">La aplicaci\u00f3n prot\u00e9sica tiene una garant\u00eda de 12 meses y prev\u00e9, bajo solicitud del paciente, la correcci\u00f3n de los vicios de forma y de color cuando \u00e9stos hayan sido efectivamente verificados por nuestro personal y si las condiciones anat\u00f3micas y morfol\u00f3gicas de la cavidad y de los anexos oculares lo permiten.<br \/>\nLa primera revisi\u00f3n que se realiza en los 12 meses siguientes a la aplicaci\u00f3n est\u00e1 cubierta por la garant\u00eda.<\/p>\n<p>[\/vc_toggle][\/vc_column][vc_column width=\u00bb1\/2&#8243;][vc_toggle title=\u00bbDOCUMENTOS NECESARIOS\u00bb style=\u00bbdefault\u00bb size=\u00bbmd\u00bb open=\u00bbfalse\u00bb el_id=\u00bb1437578669928-ab7ba3ac-bd29&#8243;]<\/p>\n<p style=\"text-align: justify;\">Para solicitar la aplicaci\u00f3n prot\u00e9sica en r\u00e9gimen de concertaci\u00f3n con el S.S.N., el asistido debe presentar en el momento de la aceptaci\u00f3n:<\/p>\n<p style=\"text-align: justify;\">\u2022 El certificado de invalidez civil (o al menos la declaraci\u00f3n de haberlo obtenido) \u2013 <strong>Aconsejado<\/strong><br \/>\n\u2022La prescripci\u00f3n del m\u00e9dico oculista \u2013 <strong>Obligatorio<\/strong><br \/>\n\u2022 La tarjeta sanitaria \u2013 <strong>Obligatorio<\/strong><br \/>\n\u2022 El historial m\u00e9dico o el documento de alta m\u00e9dica con la descripci\u00f3n de la intervenci\u00f3n a la que se ha sometido \u2013 <strong>Aconsejado<\/strong><\/p>\n<p>[\/vc_toggle][\/vc_column][\/vc_row][vc_row full_width=\u00bb\u00bb parallax=\u00bb\u00bb parallax_image=\u00bb\u00bb][vc_column width=\u00bb1\/2&#8243;][vc_toggle title=\u00bbANESTESIA\u00bb style=\u00bbdefault\u00bb size=\u00bbmd\u00bb open=\u00bbfalse\u00bb el_id=\u00bb1437578670047-831a44ff-221e\u00bb]<\/p>\n<p style=\"text-align: justify;\">La aplicaci\u00f3n prot\u00e9sica no es dolorosa y se realiza sin anestesia; no obstante, puede advertirse durante un breve tiempo una sensaci\u00f3n molesta durante la fase provisional o cuando la forma de la pr\u00f3tesis ha sufrido modificaciones sustanciales.<\/p>\n<p>[\/vc_toggle][\/vc_column][vc_column width=\u00bb1\/2&#8243;][vc_toggle title=\u00bbPATOLOG\u00cdAS EN CURSO\u00bb style=\u00bbdefault\u00bb size=\u00bbmd\u00bb open=\u00bbfalse\u00bb el_id=\u00bb1437578670176-4ea61d67-da5f\u00bb]<\/p>\n<p style=\"text-align: justify;\">El paciente afectado por s\u00edndrome gripal, patolog\u00eda al\u00e9rgica o cuadro catarral con afectaci\u00f3n de las mucosas oculares no deber\u00e1 someterse a la aplicaci\u00f3n prot\u00e9sica: los tejidos edematosos y la secreci\u00f3n abundante podr\u00edan modificar el asentamiento de la pr\u00f3tesis.<br \/>\nLos pacientes con graves patolog\u00edas potencialmente contagiosas (HIV, Hepatitis, Tuberculosis, etc.) <strong>est\u00e1n obligados a comunicar inmediatamente a nuestro personal su estado de salud.<\/strong><\/p>\n<p>[\/vc_toggle][\/vc_column][\/vc_row][vc_row full_width=\u00bb\u00bb parallax=\u00bb\u00bb parallax_image=\u00bb\u00bb][vc_column width=\u00bb1\/2&#8243;][vc_toggle title=\u00bbFAMILIARES Y ACOMPA\u00d1ANTES\u00bb style=\u00bbdefault\u00bb size=\u00bbmd\u00bb open=\u00bbfalse\u00bb el_id=\u00bb1437578670297-a361f755-b3d6&#8243;]<\/p>\n<p style=\"text-align: justify;\">En las salas de espera de nuestras sedes se permite la presencia de familiares y acompa\u00f1antes, aunque en los ambulatorios es preferible que entre una sola persona con el paciente.<\/p>\n<p>[\/vc_toggle][\/vc_column][vc_column width=\u00bb1\/2&#8243;][vc_toggle title=\u00bbANIMALES\u00bb style=\u00bbdefault\u00bb size=\u00bbmd\u00bb open=\u00bbfalse\u00bb el_id=\u00bb1437578670421-4ccf3f9b-d247&#8243;]<\/p>\n<p>En nuestros ambulatorios est\u00e1 prohibida la entrada de animales, exceptuando los perros gu\u00eda de los pacientes invidentes.<\/p>\n<p>[\/vc_toggle][\/vc_column][\/vc_row][vc_row full_width=\u00bb\u00bb parallax=\u00bb\u00bb parallax_image=\u00bb\u00bb][vc_column width=\u00bb1\/2&#8243;][vc_toggle title=\u00bbCONFORMADOR\u00bb style=\u00bbdefault\u00bb size=\u00bbmd\u00bb open=\u00bbfalse\u00bb el_id=\u00bb1437578670549-e7ed4110-0546&#8243;]<\/p>\n<p style=\"text-align: justify;\">Es un dispositivo de material acr\u00edlico en forma de concha que en ocasiones se aplica despu\u00e9s de la intervenci\u00f3n para mantener inalteradas las dimensiones de la cavidad, que de otro modo se estrechar\u00eda r\u00e1pidamente.<!--more--><\/p>\n<p style=\"text-align: justify;\">Si el cirujano decide no aplicar el conformador no se ve afectada la funcionalidad de los p\u00e1rpados y la amplitud de la cavidad, pero en este caso la pr\u00f3tesis deber\u00e1 aplicarse lo antes posible.<br \/>\nSi el conformador se saliera accidentalmente de la cavidad, puede volverse a aplicar sin dificultad alguna despu\u00e9s de haberlo lavado minuciosamente con los mismos productos utilizados para el mantenimiento de la pr\u00f3tesis ocular.<\/p>\n<p>[\/vc_toggle][\/vc_column][vc_column width=\u00bb1\/2&#8243;][vc_toggle title=\u00bbMATERIAL\u00bb style=\u00bbdefault\u00bb size=\u00bbmd\u00bb open=\u00bbfalse\u00bb el_id=\u00bb1437578670670-66f15588-5196&#8243;]<\/p>\n<p style=\"text-align: justify;\">Todas las pr\u00f3tesis realizadas en nuestros laboratorios son de resina acr\u00edlica (polimetilmetacrilato), un pol\u00edmero infrangible, inerte, anal\u00e9rgico y completamente biocompatible con los tejidos humanos.<br \/>\nEl metacrilato no se deteriora por la secreci\u00f3n lagrimal, no es poroso, no se corroe y no absorbe ninguna sustancia.<br \/>\nNo se ha detectado ni un solo caso de reacci\u00f3n al\u00e9rgica a la resina acr\u00edlica entre los miles de pacientes prot\u00e9sicos tratados en nuestras sedes.<\/p>\n<p>[\/vc_toggle][\/vc_column][\/vc_row][vc_row full_width=\u00bb\u00bb parallax=\u00bb\u00bb parallax_image=\u00bb\u00bb][vc_column width=\u00bb1\/2&#8243;][vc_toggle title=\u00bbMANTENIMIENTO DE LA PR\u00d3TESIS\u00bb style=\u00bbdefault\u00bb size=\u00bbmd\u00bb open=\u00bbfalse\u00bb el_id=\u00bb1437578670800-665fba08-53ba\u00bb]<\/p>\n<p style=\"text-align: justify;\">Es aconsejable retirar la pr\u00f3tesis por lo menos una vez a la semana para limpiar bien la cavidad y siempre que lo solicite el m\u00e9dico oculista.<br \/>\nLa pr\u00f3tesis debe limpiarse y desinfectarse cada d\u00eda utilizando productos espec\u00edficos disponibles en todas nuestras sedes: su modo de uso se describe en el op\u00fasculo que nuestro personal entrega al paciente con la pr\u00f3tesis provisional.<br \/>\nEs aconsejable limpiar la pr\u00f3tesis por la ma\u00f1ana y por la noche, sin retirarla de la cavidad.<br \/>\nLa falta de mantenimiento o si \u00e9ste se realiza de modo incorrecto puede ocasionar irritaci\u00f3n de los tejidos, escasa tolerabilidad y riesgo de infecci\u00f3n.<br \/>\nPara mejorar el deslizamiento de los p\u00e1rpados se puede utilizar una soluci\u00f3n lubricante espec\u00edfica para pr\u00f3tesis oculares en gotas o en gel.<br \/>\nSi est\u00e1 en curso alguna afecci\u00f3n catarral, la secreci\u00f3n aumenta y la pr\u00f3tesis se ensucia m\u00e1s, por lo que deber\u00e1 limpiarse varias veces al d\u00eda.<br \/>\nColirios o l\u00e1grimas artificiales se pueden instilar directamente en la pr\u00f3tesis sin retirarla.<\/p>\n<p>[\/vc_toggle][\/vc_column][vc_column width=\u00bb1\/2&#8243;][vc_toggle title=\u00bbREVISIONES PERI\u00d3DICAS\u00bb style=\u00bbdefault\u00bb size=\u00bbmd\u00bb open=\u00bbfalse\u00bb el_id=\u00bb1437578670930-cafe5cf0-fe9c\u00bb]<\/p>\n<p style=\"text-align: justify;\">Para una correcta higiene se aconseja realizar una revisi\u00f3n de la pr\u00f3tesis y de la cavidad anoft\u00e1lmica o del globo ocular por lo menos cada 12 meses: En dicha revisi\u00f3n se abrillantar\u00e1 la pr\u00f3stesis y se someter\u00e1 a desinfecci\u00f3n profunda.<br \/>\nEsta operaci\u00f3n dura aproximadamente una hora, puede realizarse en todas nuestras sedes y el coste est\u00e1 a cargo del paciente.<br \/>\nLa revisi\u00f3n peri\u00f3dica de la pr\u00f3tesis NO SUSTITUYE las visitas al oftalm\u00f3logo, al que se debe acudir si se manifiesta cualquier s\u00edntoma.<\/p>\n<p>[\/vc_toggle][\/vc_column][\/vc_row][vc_row full_width=\u00bb\u00bb parallax=\u00bb\u00bb parallax_image=\u00bb\u00bb][vc_column width=\u00bb1\/2&#8243;][vc_toggle title=\u00bbUSO COTIDIANO DE LA PR\u00d3TESIS Y LIMITACIONES\u00bb style=\u00bbdefault\u00bb size=\u00bbmd\u00bb open=\u00bbfalse\u00bb el_id=\u00bb1437578671063-33169093-3035&#8243;]<\/p>\n<p style=\"text-align: justify;\">La pr\u00f3tesis puede llevarse durante todo el d\u00eda y tambi\u00e9n mientras se duerme (excepto la pr\u00f3tesis cascarilla sobre globo ocular atr\u00f3fico, que deber\u00e1 retirarse por la noche), y puede utilizarse sin limitaciones en la vida cotidiana. Es posible conducir, maquillarse y practicar actividades deportivas y subacu\u00e1ticas.<br \/>\nNo obstante, existen algunas limitaciones y peque\u00f1os inconvenientes:<\/p>\n<ul style=\"text-align: justify;\">\n<li>P\u00e9rdida de la \u201cprofundidad de campo\u201d: durante los primeros d\u00edas de visi\u00f3n monocular se advertir\u00e1 una considerable dificultad para calcular la correcta posici\u00f3n de los objetos situados delante por falta de visi\u00f3n estereosc\u00f3pica (por ejemplo, no se consigue coger al primer intento el vaso que est\u00e1 en la mesa).<\/li>\n<\/ul>\n<p style=\"padding-left: 60px; text-align: justify;\">Este fen\u00f3meno dura de pocos d\u00edas a algunas semanas, y tiende a desaparecer autom\u00e1ticamente a medida que las nuevas informaciones visuales llegan al cerebro y son reelaboradas.<\/p>\n<ul style=\"text-align: justify;\">\n<li>Restricci\u00f3n del campo visual: la falta de un ojo obliga a mover la cabeza hacia la zona ciega para compensar la p\u00e9rdida de percepci\u00f3n de la distancia y del campo visual (el ejemplo cl\u00e1sico es la acci\u00f3n de mirar en los espejos retrovisores laterales mientras se conduce un coche).<\/li>\n<li>Sequedad ocular: En algunos casos despu\u00e9s de la intervenci\u00f3n de enucleaci\u00f3n la lacrimaci\u00f3n puede ser escasa, lo que afecta a la lubricaci\u00f3n de la cavidad y de la pr\u00f3tesis: en los casos m\u00e1s leves se puede subsanar con l\u00e1grimas artificiales en gotas, gel o colirios equivalentes, pero si la disfunci\u00f3n tiende a volverse cr\u00f3nica hay que realizar una exploraci\u00f3n oftalmol\u00f3gica m\u00e1s exhaustiva.<\/li>\n<li>Secreci\u00f3n abundante: Con una pr\u00f3tesis aplicada la cavidad ocular tambi\u00e9n puede producir secreciones, a menudo abundantes: ser\u00e1 suficiente retirarlas como se indica <a href=\"https:\/\/www.dalpasso.it\/es\/informacion\/poner-quitar-y-limpiar-la-protesis\/\">en este enlace<\/a>.<\/li>\n<\/ul>\n<p style=\"text-align: justify;\">Si despu\u00e9s de eliminar la secreci\u00f3n y de limpiar la pr\u00f3tesis la cavidad contin\u00faa secretando, se aconseja realizar una exploraci\u00f3n oftalmol\u00f3gica m\u00e1s exhaustiva.<\/p>\n<p>[\/vc_toggle][\/vc_column][vc_column width=\u00bb1\/2&#8243;][vc_toggle title=\u00bb CONDUCCI\u00d3N DE VEH\u00cdCULOS\u00bb style=\u00bbdefault\u00bb size=\u00bbmd\u00bb open=\u00bbfalse\u00bb el_id=\u00bb1437578671199-098a92db-e37a\u00bb]<\/p>\n<p style=\"text-align: justify;\">La visi\u00f3n monocular conlleva algunos inconvenientes y por ello requiere mayor atenci\u00f3n al calcular la distancia de los veh\u00edculos que preceden y la visibilidad lateral, que obviamente est\u00e1 afectada por el lado de la lesi\u00f3n.<br \/>\nPara el portador de pr\u00f3tesis ocular (con visi\u00f3n monocular de \u00edndole org\u00e1nica o funcional) desde el a\u00f1o 2010 no es necesario obtener el carnet de conducir \u201cB Especial\u201d, pero deber\u00e1 obtener la aptitud para la conducci\u00f3n previo reconocimiento m\u00e9dico en el correspondiente organismo (m\u00e9dico de la Unidad Sanitaria Local, delegaciones ACI &#8211; Automobile Club d&#8217;Italia, agencias, autoescuelas, etc.).<br \/>\nLos pacientes deber\u00e1n presentar un certificado redactado por el oculista que, junto a la evaluaci\u00f3n global de la capacidad visual, certifique:<\/p>\n<ul style=\"text-align: justify;\">\n<li>La estabilidad cl\u00ednica general y en especial la presencia por lo menos desde hace 6 meses de la visi\u00f3n monocular<\/li>\n<li>\u2022 La presencia de campo visual suficientemente amplio y sin defectos en un radio de 30\u00b0 respecto al eje central.<\/li>\n<\/ul>\n<p style=\"text-align: justify;\">Dicho certificado tiene una validez m\u00e1xima de 3 meses y se presentar\u00e1 al m\u00e9dico que deber\u00e1 conceder la renovaci\u00f3n del carnet de conducir de conformidad con el punto A.3.4 del Anexo III del DLeg. italiano 59 del 2011.<br \/>\nSi el certificado no contiene todos los requisitos para obtener la aptitud para la conducci\u00f3n, ser\u00e1 preciso someterse a un reconocimiento m\u00e9dico por parte de la Comisi\u00f3n M\u00e9dica Local de la Unidad Sanitaria Local, entregando el mismo certificado.<\/p>\n<p>[\/vc_toggle][\/vc_column][\/vc_row][vc_row full_width=\u00bb\u00bb parallax=\u00bb\u00bb parallax_image=\u00bb\u00bb][vc_column width=\u00bb1\/1&#8243;][vc_column_text]<br \/>\n[\/vc_column_text][\/vc_column][\/vc_row]<\/div>","protected":false},"excerpt":{"rendered":"<p>[vc_row full_width=\u00bb\u00bb parallax=\u00bb\u00bb parallax_image=\u00bb\u00bb][vc_column width=\u00bb1\/1&#8243;][\/vc_column][\/vc_row][vc_row full_width=\u00bb\u00bb parallax=\u00bb\u00bb parallax_image=\u00bb\u00bb el_id=\u00bb\u00bb][vc_column width=\u00bb1\/2&#8243;][vc_toggle title=\u00bbHOSPITALIZACI\u00d3N\u00bb style=\u00bbdefault\u00bb size=\u00bbmd\u00bb open=\u00bbfalse\u00bb] Antes de la sesi\u00f3n no se requiere ninguna dieta espec\u00edfica, aunque se aconseja tomar una comida ligera y no beber alcohol. El d\u00eda de la sesi\u00f3n es preferible que el paciente llegue descansado, evite actividades o viajes especialmente pesados y haya [&hellip;]<\/p>\n","protected":false},"author":4,"featured_media":0,"parent":12840,"menu_order":0,"comment_status":"closed","ping_status":"closed","template":"","meta":{"footnotes":""},"class_list":["post-12981","page","type-page","status-publish","hentry"],"yoast_head":"<!-- This site is optimized with the Yoast SEO plugin v27.1.1 - https:\/\/yoast.com\/product\/yoast-seo-wordpress\/ -->\n<title>QU\u00c9 TIENES QUE SABER SOBRE LA APLICACI\u00d3N PROT\u00c9SICA | Dalpasso protesi oculari<\/title>\n<meta name=\"robots\" content=\"index, follow, max-snippet:-1, max-image-preview:large, max-video-preview:-1\" \/>\n<link rel=\"canonical\" href=\"https:\/\/www.dalpasso.it\/es\/informacion\/que-tienes-que-saber-sobre-la-aplicacion-protesica\/\" \/>\n<meta property=\"og:locale\" content=\"es_ES\" \/>\n<meta property=\"og:type\" content=\"article\" \/>\n<meta property=\"og:title\" content=\"QU\u00c9 TIENES QUE SABER SOBRE LA APLICACI\u00d3N PROT\u00c9SICA | Dalpasso protesi oculari\" \/>\n<meta property=\"og:description\" content=\"[vc_row full_width=\u00bb\u00bb parallax=\u00bb\u00bb parallax_image=\u00bb\u00bb][vc_column width=\u00bb1\/1&#8243;][\/vc_column][\/vc_row][vc_row full_width=\u00bb\u00bb parallax=\u00bb\u00bb parallax_image=\u00bb\u00bb el_id=\u00bb\u00bb][vc_column width=\u00bb1\/2&#8243;][vc_toggle title=\u00bbHOSPITALIZACI\u00d3N\u00bb style=\u00bbdefault\u00bb size=\u00bbmd\u00bb open=\u00bbfalse\u00bb] Antes de la sesi\u00f3n no se requiere ninguna dieta espec\u00edfica, aunque se aconseja tomar una comida ligera y no beber alcohol. El d\u00eda de la sesi\u00f3n es preferible que el paciente llegue descansado, evite actividades o viajes especialmente pesados y haya [&hellip;]\" \/>\n<meta property=\"og:url\" content=\"https:\/\/www.dalpasso.it\/es\/informacion\/que-tienes-que-saber-sobre-la-aplicacion-protesica\/\" \/>\n<meta property=\"og:site_name\" content=\"Dalpasso protesi oculari\" \/>\n<meta property=\"article:modified_time\" content=\"2015-12-15T10:46:02+00:00\" \/>\n<meta name=\"twitter:card\" content=\"summary_large_image\" \/>\n<meta name=\"twitter:label1\" content=\"Tiempo de lectura\" \/>\n\t<meta name=\"twitter:data1\" content=\"11 minutos\" \/>\n<script type=\"application\/ld+json\" class=\"yoast-schema-graph\">{\"@context\":\"https:\/\/schema.org\",\"@graph\":[{\"@type\":\"WebPage\",\"@id\":\"https:\/\/www.dalpasso.it\/es\/informacion\/que-tienes-que-saber-sobre-la-aplicacion-protesica\/\",\"url\":\"https:\/\/www.dalpasso.it\/es\/informacion\/que-tienes-que-saber-sobre-la-aplicacion-protesica\/\",\"name\":\"QU\u00c9 TIENES QUE SABER SOBRE LA APLICACI\u00d3N PROT\u00c9SICA | Dalpasso protesi oculari\",\"isPartOf\":{\"@id\":\"https:\/\/www.dalpasso.it\/es\/#website\"},\"datePublished\":\"2015-05-18T12:31:09+00:00\",\"dateModified\":\"2015-12-15T10:46:02+00:00\",\"breadcrumb\":{\"@id\":\"https:\/\/www.dalpasso.it\/es\/informacion\/que-tienes-que-saber-sobre-la-aplicacion-protesica\/#breadcrumb\"},\"inLanguage\":\"es\",\"potentialAction\":[{\"@type\":\"ReadAction\",\"target\":[\"https:\/\/www.dalpasso.it\/es\/informacion\/que-tienes-que-saber-sobre-la-aplicacion-protesica\/\"]}]},{\"@type\":\"BreadcrumbList\",\"@id\":\"https:\/\/www.dalpasso.it\/es\/informacion\/que-tienes-que-saber-sobre-la-aplicacion-protesica\/#breadcrumb\",\"itemListElement\":[{\"@type\":\"ListItem\",\"position\":1,\"name\":\"Home\",\"item\":\"https:\/\/www.dalpasso.it\/es\/standard-business\/\"},{\"@type\":\"ListItem\",\"position\":2,\"name\":\"INFORMACI\u00d3N\",\"item\":\"https:\/\/www.dalpasso.it\/es\/informacion\/\"},{\"@type\":\"ListItem\",\"position\":3,\"name\":\"QU\u00c9 TIENES QUE SABER SOBRE LA APLICACI\u00d3N PROT\u00c9SICA\"}]},{\"@type\":\"WebSite\",\"@id\":\"https:\/\/www.dalpasso.it\/es\/#website\",\"url\":\"https:\/\/www.dalpasso.it\/es\/\",\"name\":\"DALPASSO Protesi Oculari\",\"description\":\"\",\"potentialAction\":[{\"@type\":\"SearchAction\",\"target\":{\"@type\":\"EntryPoint\",\"urlTemplate\":\"https:\/\/www.dalpasso.it\/es\/?s={search_term_string}\"},\"query-input\":{\"@type\":\"PropertyValueSpecification\",\"valueRequired\":true,\"valueName\":\"search_term_string\"}}],\"inLanguage\":\"es\"}]}<\/script>\n<!-- \/ Yoast SEO plugin. -->","yoast_head_json":{"title":"QU\u00c9 TIENES QUE SABER SOBRE LA APLICACI\u00d3N PROT\u00c9SICA | Dalpasso protesi oculari","robots":{"index":"index","follow":"follow","max-snippet":"max-snippet:-1","max-image-preview":"max-image-preview:large","max-video-preview":"max-video-preview:-1"},"canonical":"https:\/\/www.dalpasso.it\/es\/informacion\/que-tienes-que-saber-sobre-la-aplicacion-protesica\/","og_locale":"es_ES","og_type":"article","og_title":"QU\u00c9 TIENES QUE SABER SOBRE LA APLICACI\u00d3N PROT\u00c9SICA | Dalpasso protesi oculari","og_description":"[vc_row full_width=\u00bb\u00bb parallax=\u00bb\u00bb parallax_image=\u00bb\u00bb][vc_column width=\u00bb1\/1&#8243;][\/vc_column][\/vc_row][vc_row full_width=\u00bb\u00bb parallax=\u00bb\u00bb parallax_image=\u00bb\u00bb el_id=\u00bb\u00bb][vc_column width=\u00bb1\/2&#8243;][vc_toggle title=\u00bbHOSPITALIZACI\u00d3N\u00bb style=\u00bbdefault\u00bb size=\u00bbmd\u00bb open=\u00bbfalse\u00bb] Antes de la sesi\u00f3n no se requiere ninguna dieta espec\u00edfica, aunque se aconseja tomar una comida ligera y no beber alcohol. El d\u00eda de la sesi\u00f3n es preferible que el paciente llegue descansado, evite actividades o viajes especialmente pesados y haya [&hellip;]","og_url":"https:\/\/www.dalpasso.it\/es\/informacion\/que-tienes-que-saber-sobre-la-aplicacion-protesica\/","og_site_name":"Dalpasso protesi oculari","article_modified_time":"2015-12-15T10:46:02+00:00","twitter_card":"summary_large_image","twitter_misc":{"Tiempo de lectura":"11 minutos"},"schema":{"@context":"https:\/\/schema.org","@graph":[{"@type":"WebPage","@id":"https:\/\/www.dalpasso.it\/es\/informacion\/que-tienes-que-saber-sobre-la-aplicacion-protesica\/","url":"https:\/\/www.dalpasso.it\/es\/informacion\/que-tienes-que-saber-sobre-la-aplicacion-protesica\/","name":"QU\u00c9 TIENES QUE SABER SOBRE LA APLICACI\u00d3N PROT\u00c9SICA | Dalpasso protesi oculari","isPartOf":{"@id":"https:\/\/www.dalpasso.it\/es\/#website"},"datePublished":"2015-05-18T12:31:09+00:00","dateModified":"2015-12-15T10:46:02+00:00","breadcrumb":{"@id":"https:\/\/www.dalpasso.it\/es\/informacion\/que-tienes-que-saber-sobre-la-aplicacion-protesica\/#breadcrumb"},"inLanguage":"es","potentialAction":[{"@type":"ReadAction","target":["https:\/\/www.dalpasso.it\/es\/informacion\/que-tienes-que-saber-sobre-la-aplicacion-protesica\/"]}]},{"@type":"BreadcrumbList","@id":"https:\/\/www.dalpasso.it\/es\/informacion\/que-tienes-que-saber-sobre-la-aplicacion-protesica\/#breadcrumb","itemListElement":[{"@type":"ListItem","position":1,"name":"Home","item":"https:\/\/www.dalpasso.it\/es\/standard-business\/"},{"@type":"ListItem","position":2,"name":"INFORMACI\u00d3N","item":"https:\/\/www.dalpasso.it\/es\/informacion\/"},{"@type":"ListItem","position":3,"name":"QU\u00c9 TIENES QUE SABER SOBRE LA APLICACI\u00d3N PROT\u00c9SICA"}]},{"@type":"WebSite","@id":"https:\/\/www.dalpasso.it\/es\/#website","url":"https:\/\/www.dalpasso.it\/es\/","name":"DALPASSO Protesi Oculari","description":"","potentialAction":[{"@type":"SearchAction","target":{"@type":"EntryPoint","urlTemplate":"https:\/\/www.dalpasso.it\/es\/?s={search_term_string}"},"query-input":{"@type":"PropertyValueSpecification","valueRequired":true,"valueName":"search_term_string"}}],"inLanguage":"es"}]}},"_links":{"self":[{"href":"https:\/\/www.dalpasso.it\/es\/wp-json\/wp\/v2\/pages\/12981","targetHints":{"allow":["GET"]}}],"collection":[{"href":"https:\/\/www.dalpasso.it\/es\/wp-json\/wp\/v2\/pages"}],"about":[{"href":"https:\/\/www.dalpasso.it\/es\/wp-json\/wp\/v2\/types\/page"}],"author":[{"embeddable":true,"href":"https:\/\/www.dalpasso.it\/es\/wp-json\/wp\/v2\/users\/4"}],"replies":[{"embeddable":true,"href":"https:\/\/www.dalpasso.it\/es\/wp-json\/wp\/v2\/comments?post=12981"}],"version-history":[{"count":3,"href":"https:\/\/www.dalpasso.it\/es\/wp-json\/wp\/v2\/pages\/12981\/revisions"}],"predecessor-version":[{"id":14055,"href":"https:\/\/www.dalpasso.it\/es\/wp-json\/wp\/v2\/pages\/12981\/revisions\/14055"}],"up":[{"embeddable":true,"href":"https:\/\/www.dalpasso.it\/es\/wp-json\/wp\/v2\/pages\/12840"}],"wp:attachment":[{"href":"https:\/\/www.dalpasso.it\/es\/wp-json\/wp\/v2\/media?parent=12981"}],"curies":[{"name":"wp","href":"https:\/\/api.w.org\/{rel}","templated":true}]}}