{"id":12871,"date":"2015-06-09T12:48:14","date_gmt":"2015-06-09T10:48:14","guid":{"rendered":"http:\/\/www.dalpasso.it\/es\/milano\/"},"modified":"2019-12-04T17:26:49","modified_gmt":"2019-12-04T16:26:49","slug":"milan","status":"publish","type":"page","link":"https:\/\/www.dalpasso.it\/es\/milan\/","title":{"rendered":"MIL\u00c1N"},"content":{"rendered":"<div class=\"wpb-content-wrapper\">[vc_row][vc_column][vc_column_text]<span style=\"color: #000000;\"><strong>Via Leopoldo Gasparotto 4<\/strong> (Zona Estaci\u00f3n Central)<\/span><br \/>\n<strong><span style=\"color: #000000;\">Tel. (+39) 02.67070532 \u2013 fax: (+39) 02.67384272<\/span><\/strong><br \/>\n<span style=\"color: #000000;\"> El centro est\u00e1 abierto de lunes a viernes, de 9.00 a 13.30 horas y de 14.30 a 18.00 horas<\/span><\/p>\n<p>&nbsp;<\/p>\n<p><span style=\"text-decoration: underline;\"><strong>Atenci\u00f3n<\/strong>: en Mil\u00e1n hay dos calles llamadas \u201cGasparotto\u201d: En el <strong>GPS<\/strong> seleccionar: <strong>\u201cvia privata Leopoldo Gasparotto\u201d<\/strong><\/span>[\/vc_column_text][\/vc_column][\/vc_row][vc_row][vc_column][vc_gmaps link=\u00bb#E-8_JTNDaWZyYW1lJTIwc3JjJTNEJTIyaHR0cHMlM0ElMkYlMkZ3d3cuZ29vZ2xlLmNvbSUyRm1hcHMlMkZlbWJlZCUzRnBiJTNEJTIxMW0xOCUyMTFtMTIlMjExbTMlMjExZDY2NTIuNTg2MDI2MDE0NTY5JTIxMmQ5LjE5NjUwNjkyNzQ1NDE1MiUyMTNkNDUuNDg4NTc3OTk2MTQ5Njk0JTIxMm0zJTIxMWYwJTIxMmYwJTIxM2YwJTIxM20yJTIxMWkxMDI0JTIxMmk3NjglMjE0ZjEzLjElMjEzbTMlMjExbTIlMjExczB4NDc4NmM2ZDA3ZDU0NDE5NSUyNTNBMHgxYjJjZDczMjA5ZTBmMTQ2JTIxMnNWaWElMkJQcml2YXRhJTJCTGVvcG9sZG8lMkJHYXNwYXJvdHRvJTI1MkMlMkI0JTI1MkMlMkIyMDEyNCUyQk1pbGFubyUyMTVlMCUyMTNtMiUyMTFzaXQlMjEyc2l0JTIxNHYxNDQ0NzQ0MDk1OTA5JTIyJTIwd2lkdGglM0QlMjI2MDAlMjIlMjBoZWlnaHQlM0QlMjI0NTAlMjIlMjBmcmFtZWJvcmRlciUzRCUyMjAlMjIlMjBzdHlsZSUzRCUyMmJvcmRlciUzQTAlMjIlMjBhbGxvd2Z1bGxzY3JlZW4lM0UlM0MlMkZpZnJhbWUlM0U=\u00bb size=\u00bb400px\u00bb title=\u00bbMil\u00e1n\u00bb][\/vc_column][\/vc_row][vc_row][vc_column][vc_column_text]<a href=\"https:\/\/www.google.it\/maps\/dir\/Piazza+IV+Novembre,+Milano\/45.4878073,9.2020206\/@45.4873105,9.2001356,17z\/data=!4m19!4m18!1m15!1m1!1s0x4786c6d074bfa2c5:0x5b4a4be66dc858a4!2m2!1d9.2023318!2d45.4868651!3m4!1m2!1d9.2026883!2d45.4860488!3s0x4786c6daa6139cdd:0xc36af4461c3f28cd!3m4!1m2!1d9.2024632!2d45.4873613!3s0x4786c6d07a0b03a7:0x62c7a8a065b9cd9d!1m0!3e2\" target=\"_blank\" rel=\"noopener noreferrer\">Mira el itinerario en Google Maps desde la estaci\u00f3n central de ferrocarriles<\/a><\/p>\n<p><a href=\"https:\/\/www.google.it\/maps\/dir\/Milano+Lambrate\/45.4878073,9.2020206\/@45.4852986,9.2121935,15.5z\/data=!4m19!4m18!1m15!1m1!1s0x4786c6562ab4004f:0x288923af8476879!2m2!1d9.2371202!2d45.4850338!3m4!1m2!1d9.2132277!2d45.4876383!3s0x4786c6ddbd770d65:0x57e6b8477ec124a9!3m4!1m2!1d9.2095902!2d45.4894558!3s0x4786c6dc015fde5b:0x6c9aae577c42ef6a!1m0!3e0\" target=\"_blank\" rel=\"noopener noreferrer\">Mira el itinerario en Google Maps desde la autov\u00eda ESTE, salida Lambrate<\/a>[\/vc_column_text][\/vc_column][\/vc_row][vc_row][vc_column][vc_row_inner][vc_column_inner width=\u00bb7\/12&#8243; offset=\u00bbvc_col-md-8&#8243;][vc_column_text]<\/p>\n<h4><span style=\"color: #3092c9;\"><strong>En coche<\/strong><\/span><\/h4>\n<p><strong><span style=\"color: #000000;\">Desde la salida 8 de la autov\u00eda \u201cTangenziale Est\u201d (Lambrate)<\/span><\/strong><\/p>\n<ul>\n<li><span style=\"color: #000000;\">Girar a la izquierda direcci\u00f3n centro ciudad en via Rombon.<\/span><\/li>\n<li><span style=\"color: #000000;\">Cruzar la Piazza Gobetti y seguir por via Porpora hasta la plazoleta Loreto.<\/span><\/li>\n<li><span style=\"color: #000000;\">Girar a la derecha en viale Brianza.<\/span><\/li>\n<li><span style=\"color: #000000;\">Seguir recto por via Lunigiana y cruzar el puente ferroviario.<\/span><\/li>\n<li><span style=\"color: #000000;\">Girar enseguida a la izquierda en el sem\u00e1foro y seguir recto hasta cruzar via Tonale.<\/span><\/li>\n<li><span style=\"color: #000000;\">Girar a la derecha y despu\u00e9s de 100 metros, en el sem\u00e1foro, girar a la izquierda en via Fabio Filzi.<\/span><\/li>\n<li><span style=\"color: #000000;\">Via Gasparotto est\u00e1 pasados 50 metros, a la derecha.<\/span><\/li>\n<\/ul>\n<h4><span style=\"color: #3092c9;\"><strong>Aparcamientos<\/strong><\/span><\/h4>\n<ul>\n<li><span style=\"color: #000000;\"><strong>San Donato<\/strong>: desde aqu\u00ed tomar la l\u00ednea amarilla del metro en direcci\u00f3n Maciachini y bajar en la parada Centrale F.S.<\/span><\/li>\n<li><span style=\"color: #000000;\"><strong>Molino Dorino<\/strong>: desde aqu\u00ed tomar la l\u00ednea roja del metro en direcci\u00f3n Sesto F.S., bajar en la parada Cadorna y tomar la l\u00ednea verde en direcci\u00f3n Cologno\/Gessate, luego bajar en la parada Centrale F.S.<\/span><\/li>\n<li><span style=\"color: #000000;\"><strong>Cascina Gobba<\/strong>: desde aqu\u00ed tomar la l\u00ednea verde del metro en direcci\u00f3n Abbiategrasso y bajar en la parada Centrale F.S.<\/span><\/li>\n<li><span style=\"color: #000000;\"><strong>Sesto San Giovanni F.S.<\/strong>: desde aqu\u00ed tomar la l\u00ednea roja del metro en direcci\u00f3n Bisceglie\/Molino Dorino, bajar en la parada Loreto y tomar la l\u00ednea verde en direcci\u00f3n Abbiategrasso, luego bajar en la parada Centrale F.S.<\/span><\/li>\n<\/ul>\n<h4><span style=\"color: #000000;\"><span style=\"color: #3092c9;\"><strong>Con transporte p\u00fablico <\/strong> <\/span>&#8211; <a style=\"color: #000000;\" href=\"\/?page_id=12875\">haz clic aqu\u00ed<\/a><\/span><\/h4>\n<h4><span style=\"color: #3092c9;\"><strong>En Metro<\/strong><\/span><\/h4>\n<h4><span style=\"color: #3092c9;\"><a href=\"https:\/\/www.dalpasso.it\/wp-content\/uploads\/2015\/06\/mappa-grande-metro-milano.gif.jpeg\" class=\"thickbox no_icon\"><img loading=\"lazy\" decoding=\"async\" class=\" wp-image-2215 size-thumbnail alignnone\" src=\"https:\/\/www.dalpasso.it\/wp-content\/uploads\/2015\/06\/mappa-grande-metro-milano.gif-150x150.jpeg\" alt=\"mappa-grande-metro-milano.gif\" width=\"150\" height=\"150\" srcset=\"https:\/\/www.dalpasso.it\/wp-content\/uploads\/2015\/06\/mappa-grande-metro-milano.gif-150x150.jpeg 150w, https:\/\/www.dalpasso.it\/wp-content\/uploads\/2015\/06\/mappa-grande-metro-milano.gif-381x381.jpeg 381w, https:\/\/www.dalpasso.it\/wp-content\/uploads\/2015\/06\/mappa-grande-metro-milano.gif-762x762.jpeg 762w\" sizes=\"auto, (max-width: 150px) 100vw, 150px\" \/><\/a><\/span><\/h4>\n<p>[\/vc_column_text][\/vc_column_inner][vc_column_inner width=\u00bb5\/12&#8243; offset=\u00bbvc_col-md-4&#8243;][vc_gmaps link=\u00bb#E-8_JTNDaWZyYW1lJTIwc3JjJTNEJTIyaHR0cHMlM0ElMkYlMkZ3d3cuZ29vZ2xlLmNvbSUyRm1hcHMlMkZlbWJlZCUzRnBiJTNEJTIxMW0yMiUyMTFtOCUyMTFtMyUyMTFkMTExODguOTIyODU0OTA2NTklMjEyZDkuMjEyMTkzNSUyMTNkNDUuNDg1Mjk4NiUyMTNtMiUyMTFpMTAyNCUyMTJpNzY4JTIxNGYxMy4xJTIxNG0xMSUyMTNlMCUyMTRtNSUyMTFzMHg0Nzg2YzY1NjJhYjQwMDRmJTI1M0EweDI4ODkyM2FmODQ3Njg3OSUyMTJzTWlsYW5vJTI1MjBMYW1icmF0ZSUyMTNtMiUyMTFkNDUuNDg0NzUzMyUyMTJkOS4yMzY3NzU4JTIxNG0zJTIxM20yJTIxMWQ0NS40ODc4MDczJTIxMmQ5LjIwMjAyMDU5OTk5OTk5OSUyMTVlMCUyMTNtMiUyMTFzZXMlMjEyc2l0JTIxNHYxNTc1NDc2NDg2NzM5JTIxNW0yJTIxMXNlcyUyMTJzaXQlMjIlMjB3aWR0aCUzRCUyMjYwMCUyMiUyMGhlaWdodCUzRCUyMjQ1MCUyMiUyMGZyYW1lYm9yZGVyJTNEJTIyMCUyMiUyMHN0eWxlJTNEJTIyYm9yZGVyJTNBMCUzQiUyMiUyMGFsbG93ZnVsbHNjcmVlbiUzRCUyMiUyMiUzRSUzQyUyRmlmcmFtZSUzRQ==\u00bb size=\u00bb240&#8243;][\/vc_column_inner][\/vc_row_inner][vc_row_inner][vc_column_inner width=\u00bb7\/12&#8243; offset=\u00bbvc_col-md-8&#8243;][vc_column_text]<\/p>\n<h4>\u00a0<span style=\"color: #3092c9;\"><strong>En tren<\/strong><\/span><\/h4>\n<p><span style=\"color: #000000;\">al bajar del tren, salir de la estaci\u00f3n siguiendo las indicaciones hacia PIAZZA IV NOVEMBRE. Tras cruzar la plaza (30 metros), encontrar\u00e9is la via Gasparotto de frente, a vuestra derecha.<\/span><\/p>\n<p><span style=\"color: #000000;\"><strong>Ferrovie Nord<\/strong><\/span><br \/>\n<span style=\"color: #000000;\"> Bajar en la estaci\u00f3n Cadorna y tomar la l\u00ednea verde del metro en direcci\u00f3n Cologno\/Gessate, bajar en la parada Centrale F.S.<\/span><\/p>\n<p><span style=\"color: #000000;\"><strong>Enlace ferroviario<br \/>\n<\/strong>Bajar en la parada Garibaldi y tomar la l\u00ednea verde del metro en direcci\u00f3n Cologno\/Gessate, bajar en la parada Centrale F.S., o bien bajar en la parada Repubblica, tomar la l\u00ednea amarilla del metro direcci\u00f3n Maciachini y bajar en la parada Centrale F.S.<\/span>[\/vc_column_text][\/vc_column_inner][vc_column_inner width=\u00bb5\/12&#8243; offset=\u00bbvc_col-md-4&#8243;][vc_gmaps link=\u00bb#E-8_JTNDaWZyYW1lJTIwc3JjJTNEJTIyaHR0cHMlM0ElMkYlMkZ3d3cuZ29vZ2xlLmNvbSUyRm1hcHMlMkZlbWJlZCUzRnBiJTNEJTIxMW0yMiUyMTFtOCUyMTFtMyUyMTFkMjc5Ny4xMzA4MTExMDI4OTYlMjEyZDkuMjAwMTM1NiUyMTNkNDUuNDg3MzEwNSUyMTNtMiUyMTFpMTAyNCUyMTJpNzY4JTIxNGYxMy4xJTIxNG0xMSUyMTNlMiUyMTRtNSUyMTFzMHg0Nzg2YzZkMDc0YmZhMmM1JTI1M0EweDViNGE0YmU2NmRjODU4YTQlMjEyc1BpYXp6YSUyNTIwSVYlMjUyME5vdmVtYnJlJTI1MkMlMjUyME1pbGFubyUyMTNtMiUyMTFkNDUuNDg2NTk2NiUyMTJkOS4yMDI0MDQ4JTIxNG0zJTIxM20yJTIxMWQ0NS40ODc4MDczJTIxMmQ5LjIwMjAyMDU5OTk5OTk5OSUyMTVlMCUyMTNtMiUyMTFzZXMlMjEyc2l0JTIxNHYxNTc1NDc2NTc0MzgzJTIxNW0yJTIxMXNlcyUyMTJzaXQlMjIlMjB3aWR0aCUzRCUyMjYwMCUyMiUyMGhlaWdodCUzRCUyMjQ1MCUyMiUyMGZyYW1lYm9yZGVyJTNEJTIyMCUyMiUyMHN0eWxlJTNEJTIyYm9yZGVyJTNBMCUzQiUyMiUyMGFsbG93ZnVsbHNjcmVlbiUzRCUyMiUyMiUzRSUzQyUyRmlmcmFtZSUzRQ==\u00bb size=\u00bb240&#8243;][\/vc_column_inner][\/vc_row_inner][\/vc_column][\/vc_row]<\/div>","protected":false},"excerpt":{"rendered":"<p>[vc_row][vc_column][vc_column_text]Via Leopoldo Gasparotto 4 (Zona Estaci\u00f3n Central) Tel. (+39) 02.67070532 \u2013 fax: (+39) 02.67384272 El centro est\u00e1 abierto de lunes a viernes, de 9.00 a 13.30 horas y de 14.30 a 18.00 horas &nbsp; Atenci\u00f3n: en Mil\u00e1n hay dos calles llamadas \u201cGasparotto\u201d: En el GPS seleccionar: \u201cvia privata Leopoldo Gasparotto\u201d[\/vc_column_text][\/vc_column][\/vc_row][vc_row][vc_column][vc_gmaps link=\u00bb#E-8_JTNDaWZyYW1lJTIwc3JjJTNEJTIyaHR0cHMlM0ElMkYlMkZ3d3cuZ29vZ2xlLmNvbSUyRm1hcHMlMkZlbWJlZCUzRnBiJTNEJTIxMW0xOCUyMTFtMTIlMjExbTMlMjExZDY2NTIuNTg2MDI2MDE0NTY5JTIxMmQ5LjE5NjUwNjkyNzQ1NDE1MiUyMTNkNDUuNDg4NTc3OTk2MTQ5Njk0JTIxMm0zJTIxMWYwJTIxMmYwJTIxM2YwJTIxM20yJTIxMWkxMDI0JTIxMmk3NjglMjE0ZjEzLjElMjEzbTMlMjExbTIlMjExczB4NDc4NmM2ZDA3ZDU0NDE5NSUyNTNBMHgxYjJjZDczMjA5ZTBmMTQ2JTIxMnNWaWElMkJQcml2YXRhJTJCTGVvcG9sZG8lMkJHYXNwYXJvdHRvJTI1MkMlMkI0JTI1MkMlMkIyMDEyNCUyQk1pbGFubyUyMTVlMCUyMTNtMiUyMTFzaXQlMjEyc2l0JTIxNHYxNDQ0NzQ0MDk1OTA5JTIyJTIwd2lkdGglM0QlMjI2MDAlMjIlMjBoZWlnaHQlM0QlMjI0NTAlMjIlMjBmcmFtZWJvcmRlciUzRCUyMjAlMjIlMjBzdHlsZSUzRCUyMmJvcmRlciUzQTAlMjIlMjBhbGxvd2Z1bGxzY3JlZW4lM0UlM0MlMkZpZnJhbWUlM0U=\u00bb size=\u00bb400px\u00bb title=\u00bbMil\u00e1n\u00bb][\/vc_column][\/vc_row][vc_row][vc_column][vc_column_text]Mira el itinerario [&hellip;]<\/p>\n","protected":false},"author":4,"featured_media":0,"parent":0,"menu_order":2,"comment_status":"closed","ping_status":"closed","template":"","meta":{"footnotes":""},"class_list":["post-12871","page","type-page","status-publish","hentry"],"yoast_head":"<!-- This site is optimized with the Yoast SEO plugin v27.1.1 - https:\/\/yoast.com\/product\/yoast-seo-wordpress\/ -->\n<title>MIL\u00c1N | Dalpasso protesi oculari<\/title>\n<meta name=\"robots\" content=\"index, follow, max-snippet:-1, max-image-preview:large, max-video-preview:-1\" \/>\n<link rel=\"canonical\" href=\"https:\/\/www.dalpasso.it\/es\/milan\/\" \/>\n<meta property=\"og:locale\" content=\"es_ES\" \/>\n<meta property=\"og:type\" content=\"article\" \/>\n<meta property=\"og:title\" content=\"MIL\u00c1N | Dalpasso protesi oculari\" \/>\n<meta property=\"og:description\" content=\"[vc_row][vc_column][vc_column_text]Via Leopoldo Gasparotto 4 (Zona Estaci\u00f3n Central) Tel. (+39) 02.67070532 \u2013 fax: (+39) 02.67384272 El centro est\u00e1 abierto de lunes a viernes, de 9.00 a 13.30 horas y de 14.30 a 18.00 horas &nbsp; Atenci\u00f3n: en Mil\u00e1n hay dos calles llamadas \u201cGasparotto\u201d: En el GPS seleccionar: \u201cvia privata Leopoldo Gasparotto\u201d[\/vc_column_text][\/vc_column][\/vc_row][vc_row][vc_column][vc_gmaps link=\u00bb#E-8_JTNDaWZyYW1lJTIwc3JjJTNEJTIyaHR0cHMlM0ElMkYlMkZ3d3cuZ29vZ2xlLmNvbSUyRm1hcHMlMkZlbWJlZCUzRnBiJTNEJTIxMW0xOCUyMTFtMTIlMjExbTMlMjExZDY2NTIuNTg2MDI2MDE0NTY5JTIxMmQ5LjE5NjUwNjkyNzQ1NDE1MiUyMTNkNDUuNDg4NTc3OTk2MTQ5Njk0JTIxMm0zJTIxMWYwJTIxMmYwJTIxM2YwJTIxM20yJTIxMWkxMDI0JTIxMmk3NjglMjE0ZjEzLjElMjEzbTMlMjExbTIlMjExczB4NDc4NmM2ZDA3ZDU0NDE5NSUyNTNBMHgxYjJjZDczMjA5ZTBmMTQ2JTIxMnNWaWElMkJQcml2YXRhJTJCTGVvcG9sZG8lMkJHYXNwYXJvdHRvJTI1MkMlMkI0JTI1MkMlMkIyMDEyNCUyQk1pbGFubyUyMTVlMCUyMTNtMiUyMTFzaXQlMjEyc2l0JTIxNHYxNDQ0NzQ0MDk1OTA5JTIyJTIwd2lkdGglM0QlMjI2MDAlMjIlMjBoZWlnaHQlM0QlMjI0NTAlMjIlMjBmcmFtZWJvcmRlciUzRCUyMjAlMjIlMjBzdHlsZSUzRCUyMmJvcmRlciUzQTAlMjIlMjBhbGxvd2Z1bGxzY3JlZW4lM0UlM0MlMkZpZnJhbWUlM0U=\u00bb size=\u00bb400px\u00bb title=\u00bbMil\u00e1n\u00bb][\/vc_column][\/vc_row][vc_row][vc_column][vc_column_text]Mira el itinerario [&hellip;]\" \/>\n<meta property=\"og:url\" content=\"https:\/\/www.dalpasso.it\/es\/milan\/\" \/>\n<meta property=\"og:site_name\" content=\"Dalpasso protesi oculari\" \/>\n<meta property=\"article:modified_time\" content=\"2019-12-04T16:26:49+00:00\" \/>\n<meta property=\"og:image\" content=\"https:\/\/www.dalpasso.it\/wp-content\/uploads\/2015\/06\/mappa-grande-metro-milano.gif.jpeg\" \/>\n\t<meta property=\"og:image:width\" content=\"2048\" \/>\n\t<meta property=\"og:image:height\" content=\"1448\" \/>\n\t<meta property=\"og:image:type\" content=\"image\/jpeg\" \/>\n<meta name=\"twitter:card\" content=\"summary_large_image\" \/>\n<meta name=\"twitter:label1\" content=\"Tiempo de lectura\" \/>\n\t<meta name=\"twitter:data1\" content=\"4 minutos\" \/>\n<script type=\"application\/ld+json\" class=\"yoast-schema-graph\">{\"@context\":\"https:\/\/schema.org\",\"@graph\":[{\"@type\":\"WebPage\",\"@id\":\"https:\/\/www.dalpasso.it\/es\/milan\/\",\"url\":\"https:\/\/www.dalpasso.it\/es\/milan\/\",\"name\":\"MIL\u00c1N | Dalpasso protesi oculari\",\"isPartOf\":{\"@id\":\"https:\/\/www.dalpasso.it\/es\/#website\"},\"primaryImageOfPage\":{\"@id\":\"https:\/\/www.dalpasso.it\/es\/milan\/#primaryimage\"},\"image\":{\"@id\":\"https:\/\/www.dalpasso.it\/es\/milan\/#primaryimage\"},\"thumbnailUrl\":\"https:\/\/www.dalpasso.it\/wp-content\/uploads\/2015\/06\/mappa-grande-metro-milano.gif-150x150.jpeg\",\"datePublished\":\"2015-06-09T10:48:14+00:00\",\"dateModified\":\"2019-12-04T16:26:49+00:00\",\"breadcrumb\":{\"@id\":\"https:\/\/www.dalpasso.it\/es\/milan\/#breadcrumb\"},\"inLanguage\":\"es\",\"potentialAction\":[{\"@type\":\"ReadAction\",\"target\":[\"https:\/\/www.dalpasso.it\/es\/milan\/\"]}]},{\"@type\":\"ImageObject\",\"inLanguage\":\"es\",\"@id\":\"https:\/\/www.dalpasso.it\/es\/milan\/#primaryimage\",\"url\":\"https:\/\/www.dalpasso.it\/wp-content\/uploads\/2015\/06\/mappa-grande-metro-milano.gif-150x150.jpeg\",\"contentUrl\":\"https:\/\/www.dalpasso.it\/wp-content\/uploads\/2015\/06\/mappa-grande-metro-milano.gif-150x150.jpeg\"},{\"@type\":\"BreadcrumbList\",\"@id\":\"https:\/\/www.dalpasso.it\/es\/milan\/#breadcrumb\",\"itemListElement\":[{\"@type\":\"ListItem\",\"position\":1,\"name\":\"Home\",\"item\":\"https:\/\/www.dalpasso.it\/es\/standard-business\/\"},{\"@type\":\"ListItem\",\"position\":2,\"name\":\"MIL\u00c1N\"}]},{\"@type\":\"WebSite\",\"@id\":\"https:\/\/www.dalpasso.it\/es\/#website\",\"url\":\"https:\/\/www.dalpasso.it\/es\/\",\"name\":\"DALPASSO Protesi Oculari\",\"description\":\"\",\"potentialAction\":[{\"@type\":\"SearchAction\",\"target\":{\"@type\":\"EntryPoint\",\"urlTemplate\":\"https:\/\/www.dalpasso.it\/es\/?s={search_term_string}\"},\"query-input\":{\"@type\":\"PropertyValueSpecification\",\"valueRequired\":true,\"valueName\":\"search_term_string\"}}],\"inLanguage\":\"es\"}]}<\/script>\n<!-- \/ Yoast SEO plugin. -->","yoast_head_json":{"title":"MIL\u00c1N | Dalpasso protesi oculari","robots":{"index":"index","follow":"follow","max-snippet":"max-snippet:-1","max-image-preview":"max-image-preview:large","max-video-preview":"max-video-preview:-1"},"canonical":"https:\/\/www.dalpasso.it\/es\/milan\/","og_locale":"es_ES","og_type":"article","og_title":"MIL\u00c1N | Dalpasso protesi oculari","og_description":"[vc_row][vc_column][vc_column_text]Via Leopoldo Gasparotto 4 (Zona Estaci\u00f3n Central) Tel. (+39) 02.67070532 \u2013 fax: (+39) 02.67384272 El centro est\u00e1 abierto de lunes a viernes, de 9.00 a 13.30 horas y de 14.30 a 18.00 horas &nbsp; Atenci\u00f3n: en Mil\u00e1n hay dos calles llamadas \u201cGasparotto\u201d: En el GPS seleccionar: \u201cvia privata Leopoldo Gasparotto\u201d[\/vc_column_text][\/vc_column][\/vc_row][vc_row][vc_column][vc_gmaps link=\u00bb#E-8_JTNDaWZyYW1lJTIwc3JjJTNEJTIyaHR0cHMlM0ElMkYlMkZ3d3cuZ29vZ2xlLmNvbSUyRm1hcHMlMkZlbWJlZCUzRnBiJTNEJTIxMW0xOCUyMTFtMTIlMjExbTMlMjExZDY2NTIuNTg2MDI2MDE0NTY5JTIxMmQ5LjE5NjUwNjkyNzQ1NDE1MiUyMTNkNDUuNDg4NTc3OTk2MTQ5Njk0JTIxMm0zJTIxMWYwJTIxMmYwJTIxM2YwJTIxM20yJTIxMWkxMDI0JTIxMmk3NjglMjE0ZjEzLjElMjEzbTMlMjExbTIlMjExczB4NDc4NmM2ZDA3ZDU0NDE5NSUyNTNBMHgxYjJjZDczMjA5ZTBmMTQ2JTIxMnNWaWElMkJQcml2YXRhJTJCTGVvcG9sZG8lMkJHYXNwYXJvdHRvJTI1MkMlMkI0JTI1MkMlMkIyMDEyNCUyQk1pbGFubyUyMTVlMCUyMTNtMiUyMTFzaXQlMjEyc2l0JTIxNHYxNDQ0NzQ0MDk1OTA5JTIyJTIwd2lkdGglM0QlMjI2MDAlMjIlMjBoZWlnaHQlM0QlMjI0NTAlMjIlMjBmcmFtZWJvcmRlciUzRCUyMjAlMjIlMjBzdHlsZSUzRCUyMmJvcmRlciUzQTAlMjIlMjBhbGxvd2Z1bGxzY3JlZW4lM0UlM0MlMkZpZnJhbWUlM0U=\u00bb size=\u00bb400px\u00bb title=\u00bbMil\u00e1n\u00bb][\/vc_column][\/vc_row][vc_row][vc_column][vc_column_text]Mira el itinerario [&hellip;]","og_url":"https:\/\/www.dalpasso.it\/es\/milan\/","og_site_name":"Dalpasso protesi oculari","article_modified_time":"2019-12-04T16:26:49+00:00","og_image":[{"width":2048,"height":1448,"url":"https:\/\/www.dalpasso.it\/wp-content\/uploads\/2015\/06\/mappa-grande-metro-milano.gif.jpeg","type":"image\/jpeg"}],"twitter_card":"summary_large_image","twitter_misc":{"Tiempo de lectura":"4 minutos"},"schema":{"@context":"https:\/\/schema.org","@graph":[{"@type":"WebPage","@id":"https:\/\/www.dalpasso.it\/es\/milan\/","url":"https:\/\/www.dalpasso.it\/es\/milan\/","name":"MIL\u00c1N | Dalpasso protesi oculari","isPartOf":{"@id":"https:\/\/www.dalpasso.it\/es\/#website"},"primaryImageOfPage":{"@id":"https:\/\/www.dalpasso.it\/es\/milan\/#primaryimage"},"image":{"@id":"https:\/\/www.dalpasso.it\/es\/milan\/#primaryimage"},"thumbnailUrl":"https:\/\/www.dalpasso.it\/wp-content\/uploads\/2015\/06\/mappa-grande-metro-milano.gif-150x150.jpeg","datePublished":"2015-06-09T10:48:14+00:00","dateModified":"2019-12-04T16:26:49+00:00","breadcrumb":{"@id":"https:\/\/www.dalpasso.it\/es\/milan\/#breadcrumb"},"inLanguage":"es","potentialAction":[{"@type":"ReadAction","target":["https:\/\/www.dalpasso.it\/es\/milan\/"]}]},{"@type":"ImageObject","inLanguage":"es","@id":"https:\/\/www.dalpasso.it\/es\/milan\/#primaryimage","url":"https:\/\/www.dalpasso.it\/wp-content\/uploads\/2015\/06\/mappa-grande-metro-milano.gif-150x150.jpeg","contentUrl":"https:\/\/www.dalpasso.it\/wp-content\/uploads\/2015\/06\/mappa-grande-metro-milano.gif-150x150.jpeg"},{"@type":"BreadcrumbList","@id":"https:\/\/www.dalpasso.it\/es\/milan\/#breadcrumb","itemListElement":[{"@type":"ListItem","position":1,"name":"Home","item":"https:\/\/www.dalpasso.it\/es\/standard-business\/"},{"@type":"ListItem","position":2,"name":"MIL\u00c1N"}]},{"@type":"WebSite","@id":"https:\/\/www.dalpasso.it\/es\/#website","url":"https:\/\/www.dalpasso.it\/es\/","name":"DALPASSO Protesi Oculari","description":"","potentialAction":[{"@type":"SearchAction","target":{"@type":"EntryPoint","urlTemplate":"https:\/\/www.dalpasso.it\/es\/?s={search_term_string}"},"query-input":{"@type":"PropertyValueSpecification","valueRequired":true,"valueName":"search_term_string"}}],"inLanguage":"es"}]}},"_links":{"self":[{"href":"https:\/\/www.dalpasso.it\/es\/wp-json\/wp\/v2\/pages\/12871","targetHints":{"allow":["GET"]}}],"collection":[{"href":"https:\/\/www.dalpasso.it\/es\/wp-json\/wp\/v2\/pages"}],"about":[{"href":"https:\/\/www.dalpasso.it\/es\/wp-json\/wp\/v2\/types\/page"}],"author":[{"embeddable":true,"href":"https:\/\/www.dalpasso.it\/es\/wp-json\/wp\/v2\/users\/4"}],"replies":[{"embeddable":true,"href":"https:\/\/www.dalpasso.it\/es\/wp-json\/wp\/v2\/comments?post=12871"}],"version-history":[{"count":4,"href":"https:\/\/www.dalpasso.it\/es\/wp-json\/wp\/v2\/pages\/12871\/revisions"}],"predecessor-version":[{"id":18725,"href":"https:\/\/www.dalpasso.it\/es\/wp-json\/wp\/v2\/pages\/12871\/revisions\/18725"}],"wp:attachment":[{"href":"https:\/\/www.dalpasso.it\/es\/wp-json\/wp\/v2\/media?parent=12871"}],"curies":[{"name":"wp","href":"https:\/\/api.w.org\/{rel}","templated":true}]}}